{"id":1093,"date":"2018-02-22T15:13:38","date_gmt":"2018-02-22T23:13:38","guid":{"rendered":"http:\/\/krfoundation.org\/year-in-review\/?page_id=1093"},"modified":"2018-02-22T15:13:38","modified_gmt":"2018-02-22T23:13:38","slug":"arts","status":"publish","type":"page","link":"https:\/\/krfoundation.org\/year-in-review\/tp2017\/arts\/","title":{"rendered":"Arts"},"content":{"rendered":"<p>[et_pb_section bb_built=&#8221;1&#8243; admin_label=&#8221;section&#8221; next_background_color=&#8221;#000000&#8243;][et_pb_row admin_label=&#8221;row&#8221; make_fullwidth=&#8221;off&#8221; use_custom_width=&#8221;off&#8221; width_unit=&#8221;on&#8221; use_custom_gutter=&#8221;off&#8221; allow_player_pause=&#8221;off&#8221; parallax=&#8221;off&#8221; parallax_method=&#8221;on&#8221; make_equal=&#8221;off&#8221; parallax_1=&#8221;off&#8221; parallax_method_1=&#8221;off&#8221; custom_padding=&#8221;||0px|&#8221; background_position=&#8221;top_left&#8221; background_repeat=&#8221;repeat&#8221; background_size=&#8221;initial&#8221;][et_pb_column type=&#8221;4_4&#8243;][et_pb_image admin_label=&#8221;Arts (Header)&#8221; src=&#8221;http:\/\/krfoundation.org\/year-in-review\/wp-content\/uploads\/sites\/2\/header_art.png&#8221; alt=&#8221;Arts&#8221; show_in_lightbox=&#8221;off&#8221; url_new_window=&#8221;off&#8221; use_overlay=&#8221;off&#8221; animation=&#8221;off&#8221; sticky=&#8221;off&#8221; align=&#8221;center&#8221; force_fullwidth=&#8221;off&#8221; always_center_on_mobile=&#8221;on&#8221; use_border_color=&#8221;off&#8221; border_color=&#8221;#ffffff&#8221; border_style=&#8221;solid&#8221; animation_style=&#8221;none&#8221; animation_duration=&#8221;1000ms&#8221; animation_intensity_slide=&#8221;50%&#8221; show_bottom_space=&#8221;on&#8221; _builder_version=&#8221;3.0.105&#8243; \/][et_pb_image admin_label=&#8221;Arts Image&#8221; src=&#8221;http:\/\/krfoundation.org\/year-in-review\/wp-content\/uploads\/sites\/2\/AxisDance_1080_635.jpg&#8221; show_in_lightbox=&#8221;off&#8221; url_new_window=&#8221;off&#8221; use_overlay=&#8221;off&#8221; align=&#8221;center&#8221; force_fullwidth=&#8221;off&#8221; always_center_on_mobile=&#8221;on&#8221; use_border_color=&#8221;off&#8221; module_class=&#8221;flatbottom&#8221; show_bottom_space=&#8221;on&#8221; _builder_version=&#8221;3.0.105&#8243; \/][et_pb_text admin_label=&#8221;Caption&#8221; background_layout=&#8221;dark&#8221; text_orientation=&#8221;right&#8221; text_font=&#8221;Arial||||&#8221; text_text_color=&#8221;#ffffff&#8221; background_color=&#8221;#006666&#8243; use_border_color=&#8221;off&#8221; custom_margin=&#8221;-60px|||&#8221; custom_css_main_element=&#8221;border-radius: 20px;||z-index: 1000;&#8221; custom_padding=&#8221;40px|30px|10px|10px&#8221; text_font_size=&#8221;0.8em&#8221; background_position=&#8221;top_left&#8221; background_repeat=&#8221;repeat&#8221; background_size=&#8221;initial&#8221; _builder_version=&#8221;3.0.106&#8243;]<\/p>\n<p>Axis Dance Company celebrated its 30th anniversary in 2017. Photo credit: David DeSilva<\/p>\n<p>[\/et_pb_text][\/et_pb_column][\/et_pb_row][et_pb_row make_fullwidth=&#8221;off&#8221; use_custom_width=&#8221;off&#8221; width_unit=&#8221;on&#8221; use_custom_gutter=&#8221;off&#8221; custom_padding=&#8221;|120px||120px&#8221; allow_player_pause=&#8221;off&#8221; parallax=&#8221;off&#8221; parallax_method=&#8221;on&#8221; make_equal=&#8221;off&#8221; parallax_1=&#8221;off&#8221; parallax_method_1=&#8221;off&#8221; custom_padding_tablet=&#8221;|50px||50px&#8221; custom_padding_phone=&#8221;|0px||0px&#8221; custom_padding_last_edited=&#8221;on|desktop&#8221; background_position=&#8221;top_left&#8221; background_repeat=&#8221;repeat&#8221; background_size=&#8221;initial&#8221;][et_pb_column type=&#8221;4_4&#8243;][et_pb_text admin_label=&#8221;Thriving Artists, Thriving Communities&#8221; background_layout=&#8221;light&#8221; text_orientation=&#8221;center&#8221; use_border_color=&#8221;off&#8221; module_class=&#8221;header arts&#8221; background_position=&#8221;top_left&#8221; background_repeat=&#8221;repeat&#8221; background_size=&#8221;initial&#8221; module_alignment=&#8221;center&#8221; _builder_version=&#8221;3.0.105&#8243;]<\/p>\n<p>Thriving Artists, Thriving Communities<\/p>\n<p>[\/et_pb_text][et_pb_text admin_label=&#8221;Copy&#8221; background_layout=&#8221;light&#8221; header_text_color=&#8221;#006666&#8243; use_border_color=&#8221;off&#8221; background_position=&#8221;top_left&#8221; background_repeat=&#8221;repeat&#8221; background_size=&#8221;initial&#8221; _builder_version=&#8221;3.0.106&#8243;]<\/p>\n<p>We believe that visionary artists are vital in turbulent times such as these. They push the boundaries of creative expression to illuminate diverse stories, help us transcend divisions and reconnect us with our shared humanity. At this critical juncture for American society, the Kenneth Rainin Foundation seeks to support and elevate the voices of these artists.<\/p>\n<p>[\/et_pb_text][\/et_pb_column][\/et_pb_row][et_pb_row make_fullwidth=&#8221;off&#8221; use_custom_width=&#8221;off&#8221; width_unit=&#8221;on&#8221; use_custom_gutter=&#8221;off&#8221; allow_player_pause=&#8221;off&#8221; parallax=&#8221;off&#8221; parallax_method=&#8221;on&#8221; make_equal=&#8221;off&#8221; parallax_1=&#8221;off&#8221; parallax_method_1=&#8221;off&#8221; custom_padding_last_edited=&#8221;on|phone&#8221; custom_padding=&#8221;|50px|0px|50px&#8221; custom_padding_tablet=&#8221;|20px|0px|20px&#8221; custom_padding_phone=&#8221;|0px|0px|0px&#8221; background_position=&#8221;top_left&#8221; background_repeat=&#8221;repeat&#8221; background_size=&#8221;initial&#8221;][et_pb_column type=&#8221;4_4&#8243;][et_pb_text admin_label=&#8221;Quote&#8221; background_layout=&#8221;light&#8221; use_border_color=&#8221;off&#8221; module_class=&#8221;quote&#8221; background_position=&#8221;top_left&#8221; background_repeat=&#8221;repeat&#8221; background_size=&#8221;initial&#8221; _builder_version=&#8221;3.0.105&#8243;]<\/p>\n<p>&#8220;The culture of a city is its soul.&#8221;<\/p>\n<p>[\/et_pb_text][\/et_pb_column][\/et_pb_row][et_pb_row make_fullwidth=&#8221;off&#8221; use_custom_width=&#8221;off&#8221; width_unit=&#8221;on&#8221; use_custom_gutter=&#8221;on&#8221; allow_player_pause=&#8221;off&#8221; parallax=&#8221;off&#8221; parallax_method=&#8221;on&#8221; make_equal=&#8221;off&#8221; parallax_1=&#8221;off&#8221; parallax_method_1=&#8221;off&#8221; custom_padding_last_edited=&#8221;on|phone&#8221; gutter_width=&#8221;1&#8243; parallax_2=&#8221;off&#8221; parallax_method_2=&#8221;off&#8221; custom_padding=&#8221;0px|50px||50px&#8221; custom_padding_tablet=&#8221;0px|20px||20px&#8221; custom_padding_phone=&#8221;0px|0px||0px&#8221; background_position=&#8221;top_left&#8221; background_repeat=&#8221;repeat&#8221; background_size=&#8221;initial&#8221;][et_pb_column type=&#8221;1_3&#8243;][\/et_pb_column][et_pb_column type=&#8221;2_3&#8243;][et_pb_text admin_label=&#8221;Quotee &#8211; Shelley Trott&#8221; background_layout=&#8221;light&#8221; use_border_color=&#8221;off&#8221; module_class=&#8221;quotee&#8221; background_position=&#8221;top_left&#8221; background_repeat=&#8221;repeat&#8221; background_size=&#8221;initial&#8221; _builder_version=&#8221;3.0.105&#8243;]<\/p>\n<p>\u2014<strong>Shelley Trott<\/strong>, Director, Arts Strategy and Ventures<\/p>\n<p>[\/et_pb_text][\/et_pb_column][\/et_pb_row][\/et_pb_section][et_pb_section bb_built=&#8221;1&#8243; fullwidth=&#8221;off&#8221; specialty=&#8221;off&#8221; transparent_background=&#8221;off&#8221; allow_player_pause=&#8221;off&#8221; inner_shadow=&#8221;off&#8221; parallax=&#8221;off&#8221; parallax_method=&#8221;on&#8221; make_fullwidth=&#8221;off&#8221; use_custom_width=&#8221;off&#8221; width_unit=&#8221;on&#8221; make_equal=&#8221;off&#8221; use_custom_gutter=&#8221;off&#8221; custom_padding=&#8221;|120px||120px&#8221; custom_padding_tablet=&#8221;|50px||50px&#8221; custom_padding_phone=&#8221;|0px||0px&#8221; custom_padding_last_edited=&#8221;on|phone&#8221; module_class=&#8221;infographic&#8221; prev_background_color=&#8221;#000000&#8243; next_background_color=&#8221;#000000&#8243; _builder_version=&#8221;3.0.105&#8243;][et_pb_row use_custom_gutter=&#8221;on&#8221; custom_padding=&#8221;30px|30px|30px|30px&#8221; background_image=&#8221;http:\/\/krfoundation.org\/year-in-review\/wp-content\/uploads\/sites\/2\/wallpaper_arts.gif&#8221; parallax=&#8221;on&#8221; make_equal=&#8221;on&#8221; parallax_method_1=&#8221;off&#8221; parallax_method_2=&#8221;off&#8221; parallax_method_3=&#8221;off&#8221; background_color=&#8221;#ffffff&#8221; module_class=&#8221;rounded&#8221; gutter_width=&#8221;1&#8243; custom_padding_last_edited=&#8221;off|phone&#8221; custom_padding_phone=&#8221;30px||30px|30px&#8221; background_position=&#8221;top_left&#8221; background_repeat=&#8221;repeat&#8221; background_size=&#8221;initial&#8221; _builder_version=&#8221;3.0.105&#8243;][et_pb_column type=&#8221;1_3&#8243;][et_pb_text admin_label=&#8221;100,000&#8243; background_layout=&#8221;dark&#8221; text_orientation=&#8221;center&#8221; use_border_color=&#8221;off&#8221; module_class=&#8221;rounded&#8221; custom_padding=&#8221;|10px||10px&#8221; background_position=&#8221;top_left&#8221; background_repeat=&#8221;repeat&#8221; background_size=&#8221;initial&#8221; module_alignment=&#8221;center&#8221; _builder_version=&#8221;3.0.105&#8243;]<\/p>\n<p><span class=\"artslt\" style=\"font-size: 4em;line-height: 1em\">100,000<\/span><br \/>\nTotal square feet of space that CAST is aiming to acquire for Bay Area arts groups by the end of 2018<\/p>\n<p><img loading=\"lazy\" decoding=\"async\" class=\"aligncenter size-full wp-image-316 square\" src=\"http:\/\/krfoundation.org\/year-in-review\/wp-content\/uploads\/sites\/2\/icon_building.png\" alt=\"\" width=\"80\" height=\"80\" \/><\/p>\n<p>[\/et_pb_text][\/et_pb_column][et_pb_column type=&#8221;1_3&#8243;][et_pb_text admin_label=&#8221;Making Space&#8221; background_layout=&#8221;dark&#8221; text_orientation=&#8221;center&#8221; use_border_color=&#8221;off&#8221; module_class=&#8221;rounded&#8221; custom_padding=&#8221;|10px||10px&#8221; background_position=&#8221;top_left&#8221; background_repeat=&#8221;repeat&#8221; background_size=&#8221;initial&#8221; module_alignment=&#8221;center&#8221; _builder_version=&#8221;3.0.106&#8243;]<\/p>\n<p><img loading=\"lazy\" decoding=\"async\" class=\"aligncenter size-full wp-image-316 square\" src=\"http:\/\/krfoundation.org\/year-in-review\/wp-content\/uploads\/sites\/2\/ArtsIcon-Book.png\" alt=\"\" width=\"144\" height=\"100\" \/><\/p>\n<p>CAST is featured as one of 12 case studies in \u201c<strong><a style=\"color: #ffffff\" href=\"http:\/\/www.worldcitiescultureforum.com\/publications\/making-space-for-culture\" target=\"_blank\" rel=\"noopener\">Making Space for Culture<\/a><\/strong>,\u201d a global showcase of cities responding to the threat of affordability to cultural vitality<\/p>\n<p>[\/et_pb_text][\/et_pb_column][et_pb_column type=&#8221;1_3&#8243;][et_pb_text admin_label=&#8221;$5.5m&#8221; background_layout=&#8221;dark&#8221; text_orientation=&#8221;center&#8221; use_border_color=&#8221;off&#8221; module_class=&#8221;rounded&#8221; custom_padding=&#8221;|10px||10px&#8221; background_position=&#8221;top_left&#8221; background_repeat=&#8221;repeat&#8221; background_size=&#8221;initial&#8221; module_alignment=&#8221;center&#8221; _builder_version=&#8221;3.0.105&#8243;]<\/p>\n<p><span class=\"artslt\" style=\"font-size: 4em;line-height: 1em\">$5.5M<\/span><br \/>\nAmount invested by the Rainin Foundation in 2017 for\u00a0Bay Area arts<\/p>\n<p><img loading=\"lazy\" decoding=\"async\" class=\"square aligncenter wp-image-317 \" src=\"http:\/\/krfoundation.org\/year-in-review\/wp-content\/uploads\/sites\/2\/icon_hands.png\" alt=\"\" width=\"97\" height=\"97\" \/><\/p>\n<p>[\/et_pb_text][\/et_pb_column][\/et_pb_row][\/et_pb_section][et_pb_section bb_built=&#8221;1&#8243; admin_label=&#8221;section&#8221; prev_background_color=&#8221;#000000&#8243; next_background_color=&#8221;#000000&#8243; _builder_version=&#8221;3.0.105&#8243;][et_pb_row custom_padding=&#8221;|120px||120px&#8221; parallax_method_1=&#8221;off&#8221; custom_padding_tablet=&#8221;|50px||50px&#8221; custom_padding_phone=&#8221;|0px||0px&#8221; custom_padding_last_edited=&#8221;on|desktop&#8221; background_position=&#8221;top_left&#8221; background_repeat=&#8221;repeat&#8221; background_size=&#8221;initial&#8221; _builder_version=&#8221;3.0.105&#8243;][et_pb_column type=&#8221;4_4&#8243;][et_pb_text admin_label=&#8221;Confronting the Affordability Crisis&#8221; background_layout=&#8221;light&#8221; text_orientation=&#8221;center&#8221; use_border_color=&#8221;off&#8221; module_class=&#8221;header arts&#8221; background_position=&#8221;top_left&#8221; background_repeat=&#8221;repeat&#8221; background_size=&#8221;initial&#8221; module_alignment=&#8221;center&#8221; _builder_version=&#8221;3.0.105&#8243;]<\/p>\n<p>Confronting the Affordability Crisis<\/p>\n<p>[\/et_pb_text][et_pb_text admin_label=&#8221;Copy&#8221; background_layout=&#8221;light&#8221; header_text_color=&#8221;#006666&#8243; use_border_color=&#8221;off&#8221; background_position=&#8221;top_left&#8221; background_repeat=&#8221;repeat&#8221; background_size=&#8221;initial&#8221; _builder_version=&#8221;3.0.106&#8243;]<\/p>\n<p>In response to the Bay Area\u2019s ongoing affordability crisis, we intensified our work to secure affordable space for artists and arts organizations. In November, <a href=\"http:\/\/krfoundation.org\/foundation-awards-3-million-game-changing-arts-real-estate-organization\/\" target=\"_blank\" rel=\"noopener\"><strong>we invested an additional $3 million<\/strong><\/a> in the groundbreaking Community Arts Stabilization Trust (CAST). This grant will help CAST realize its ambitious goal to acquire 100,000 square feet of workspace for the arts by the end of 2018.<\/p>\n<p>Our commitment encompassed further steps to equip a multi-sector response:<\/p>\n<ul>\n<li>We launched the <a href=\"http:\/\/krfoundation.org\/artsrealestate\/\" target=\"_blank\" rel=\"noopener\"><strong>Rainin Arts Real Estate Strategy website<\/strong><\/a> to share our cutting-edge real estate strategy. We were invited to present our strategy to Bay Area art-makers, city officials in Denver, and the national Board of Grantmakers in the Arts.<\/li>\n<li>We deepened our partnership with the Oakland Arts Workspace Group to stabilize, support and sustain arts and cultural organizations in Oakland. Our partners include CAST, City of Oakland, Northern California Community Loan Fund and East Bay Asian Local Development Corporation.<\/li>\n<li>We co-funded the 2017 report, <strong><a href=\"http:\/\/www.upstartco-lab.org\/research\/\" target=\"_blank\" rel=\"noopener\">Creative Places &amp; Businesses: Catalyzing Growth in Communities<\/a>,<\/strong> to capture new insights on how impact investments can shape a more inclusive, equitable and sustainable creative economy.<\/li>\n<\/ul>\n<p>[\/et_pb_text][et_pb_text admin_label=&#8221;Mayor Lee&#8221; background_layout=&#8221;light&#8221; header_text_color=&#8221;#006666&#8243; use_border_color=&#8221;off&#8221; background_position=&#8221;top_left&#8221; background_repeat=&#8221;repeat&#8221; background_size=&#8221;initial&#8221; _builder_version=&#8221;3.0.105&#8243; custom_margin=&#8221;0px||0px|&#8221; custom_padding=&#8221;0px||0px|&#8221;]<\/p>\n<h2 style=\"text-align: left\">Honoring San Francisco Mayor Edwin Lee<\/h2>\n<p>We mourned the sudden passing of Mayor Edwin Lee, who championed the arts as essential to San Francisco\u2019s unique social fabric. <a href=\"http:\/\/krfoundation.org\/honoring-mayor-lee\/\" target=\"_blank\" rel=\"noopener\"><strong>His legacy lives on<\/strong><\/a> in our work to ensure permanently affordable, safe spaces for arts and cultural organizations.<\/p>\n<p>[\/et_pb_text][\/et_pb_column][\/et_pb_row][et_pb_row parallax_method_1=&#8221;off&#8221; custom_padding_last_edited=&#8221;on|desktop&#8221; custom_padding=&#8221;0px|50px|0px|50px&#8221; custom_padding_tablet=&#8221;0px|20px|0px|20px&#8221; custom_padding_phone=&#8221;0px|0px|0px|0px&#8221; background_position=&#8221;top_left&#8221; background_repeat=&#8221;repeat&#8221; background_size=&#8221;initial&#8221; _builder_version=&#8221;3.0.105&#8243;][et_pb_column type=&#8221;4_4&#8243;][et_pb_text admin_label=&#8221;Quote&#8221; background_layout=&#8221;light&#8221; use_border_color=&#8221;off&#8221; module_class=&#8221;quote&#8221; background_position=&#8221;top_left&#8221; background_repeat=&#8221;repeat&#8221; background_size=&#8221;initial&#8221; _builder_version=&#8221;3.0.105&#8243;]<\/p>\n<p>&#8220;When multiple voices and perspectives come together\u2014funders, city leaders and planners, artists and community organizations\u2014we discover more dimensions of an issue and have more tools for creating truly smart solutions.&#8221;<\/p>\n<p>[\/et_pb_text][\/et_pb_column][\/et_pb_row][et_pb_row make_fullwidth=&#8221;off&#8221; use_custom_width=&#8221;off&#8221; width_unit=&#8221;on&#8221; use_custom_gutter=&#8221;on&#8221; allow_player_pause=&#8221;off&#8221; parallax=&#8221;off&#8221; parallax_method=&#8221;on&#8221; make_equal=&#8221;off&#8221; parallax_1=&#8221;off&#8221; parallax_method_1=&#8221;off&#8221; custom_padding_last_edited=&#8221;on|phone&#8221; gutter_width=&#8221;1&#8243; parallax_2=&#8221;off&#8221; parallax_method_2=&#8221;off&#8221; custom_padding=&#8221;0px|50px||50px&#8221; custom_padding_tablet=&#8221;0px|20px||20px&#8221; custom_padding_phone=&#8221;0px|0px||0px&#8221; background_position=&#8221;top_left&#8221; background_repeat=&#8221;repeat&#8221; background_size=&#8221;initial&#8221;][et_pb_column type=&#8221;1_3&#8243;][\/et_pb_column][et_pb_column type=&#8221;2_3&#8243;][et_pb_text admin_label=&#8221;Quotee &#8211; Kelley Kahn&#8221; background_layout=&#8221;light&#8221; use_border_color=&#8221;off&#8221; module_class=&#8221;quotee&#8221; background_position=&#8221;top_left&#8221; background_repeat=&#8221;repeat&#8221; background_size=&#8221;initial&#8221; _builder_version=&#8221;3.0.105&#8243;]<\/p>\n<p>\u2014<strong>Kelley Kahn<\/strong>, Policy Director of Arts Spaces, City of Oakland<\/p>\n<p>[\/et_pb_text][\/et_pb_column][\/et_pb_row][\/et_pb_section][et_pb_section bb_built=&#8221;1&#8243; admin_label=&#8221;section&#8221; prev_background_color=&#8221;#000000&#8243; next_background_color=&#8221;#000000&#8243;][et_pb_row make_fullwidth=&#8221;off&#8221; use_custom_width=&#8221;off&#8221; width_unit=&#8221;on&#8221; use_custom_gutter=&#8221;off&#8221; custom_padding=&#8221;||0px|&#8221; allow_player_pause=&#8221;off&#8221; parallax=&#8221;off&#8221; parallax_method=&#8221;on&#8221; make_equal=&#8221;off&#8221; parallax_1=&#8221;off&#8221; parallax_method_1=&#8221;off&#8221; background_position=&#8221;top_left&#8221; background_repeat=&#8221;repeat&#8221; background_size=&#8221;initial&#8221;][et_pb_column type=&#8221;4_4&#8243;][et_pb_image src=&#8221;http:\/\/krfoundation.org\/year-in-review\/wp-content\/uploads\/sites\/2\/Arts_PeoplesKitchenCollective.jpg&#8221; show_in_lightbox=&#8221;off&#8221; url_new_window=&#8221;off&#8221; use_overlay=&#8221;off&#8221; align=&#8221;left&#8221; force_fullwidth=&#8221;off&#8221; always_center_on_mobile=&#8221;on&#8221; use_border_color=&#8221;off&#8221; show_bottom_space=&#8221;on&#8221; _builder_version=&#8221;3.0.105&#8243; \/][et_pb_text admin_label=&#8221;Caption&#8221; background_layout=&#8221;dark&#8221; text_orientation=&#8221;right&#8221; text_font=&#8221;Arial||||&#8221; text_text_color=&#8221;#ffffff&#8221; background_color=&#8221;#006666&#8243; use_border_color=&#8221;off&#8221; custom_margin=&#8221;-60px|||&#8221; custom_css_main_element=&#8221;border-radius: 20px;||z-index: 1000;&#8221; custom_padding=&#8221;40px|30px|10px|10px&#8221; text_font_size=&#8221;0.8em&#8221; background_position=&#8221;top_left&#8221; background_repeat=&#8221;repeat&#8221; background_size=&#8221;initial&#8221; _builder_version=&#8221;3.0.105&#8243;]<\/p>\n<p>People&#8217;s Kitchen Collective hosted its Groundnut Diaspora dinner at the Alena Museum, a &#8220;Keeping Space-Oakland&#8221; grantee. Photo courtesy: Sana Javeri Kadri<\/p>\n<p>[\/et_pb_text][\/et_pb_column][\/et_pb_row][et_pb_row make_fullwidth=&#8221;off&#8221; use_custom_width=&#8221;off&#8221; width_unit=&#8221;on&#8221; use_custom_gutter=&#8221;off&#8221; custom_padding=&#8221;|120px||120px&#8221; allow_player_pause=&#8221;off&#8221; parallax=&#8221;off&#8221; parallax_method=&#8221;on&#8221; make_equal=&#8221;off&#8221; parallax_1=&#8221;off&#8221; parallax_method_1=&#8221;off&#8221; custom_padding_tablet=&#8221;|50px||50px&#8221; custom_padding_phone=&#8221;|0px||0px&#8221; custom_padding_last_edited=&#8221;on|desktop&#8221; background_position=&#8221;top_left&#8221; background_repeat=&#8221;repeat&#8221; background_size=&#8221;initial&#8221;][et_pb_column type=&#8221;4_4&#8243;][et_pb_text admin_label=&#8221;Keeping Space \u2013 Oakland&#8221; background_layout=&#8221;light&#8221; text_orientation=&#8221;center&#8221; use_border_color=&#8221;off&#8221; module_class=&#8221;header arts&#8221; background_position=&#8221;top_left&#8221; background_repeat=&#8221;repeat&#8221; background_size=&#8221;initial&#8221; module_alignment=&#8221;center&#8221; _builder_version=&#8221;3.0.105&#8243;]<\/p>\n<p>Keeping Space\u2013Oakland<\/p>\n<p>[\/et_pb_text][et_pb_text admin_label=&#8221;Copy&#8221; background_layout=&#8221;light&#8221; header_text_color=&#8221;#006666&#8243; use_border_color=&#8221;off&#8221; background_position=&#8221;top_left&#8221; background_repeat=&#8221;repeat&#8221; background_size=&#8221;initial&#8221; _builder_version=&#8221;3.0.106&#8243;]<\/p>\n<p><em>Keeping Space\u2013Oakland<\/em> mobilizes a cross-sector partnership to safeguard the city\u2019s vibrant and distinct arts landscape. A blend of technical assistance and direct funding aims to ensure that Oakland\u2019s arts groups are \u201creal estate ready.\u201d CAST is piloting this initiative with funding from the William and Flora Hewlett Foundation and Rainin Foundation.<\/p>\n<p>In 2017, six organizations received professional real estate training and consulting services valued at $90,000 through <em>Keeping Space\u2013Oakland<\/em>. Additional, free trainings offered another 20 groups indispensable tools for building financial and workspace stability. And in November, the program <a href=\"http:\/\/krfoundation.org\/26904-2\/\" target=\"_blank\" rel=\"noopener\"><strong>awarded $350,000<\/strong><\/a> to 14 vulnerable arts groups to underwrite acquisitions, planning, tenant improvements, or rental and moving costs.<\/p>\n<p>[\/et_pb_text][\/et_pb_column][\/et_pb_row][et_pb_row make_fullwidth=&#8221;off&#8221; use_custom_width=&#8221;off&#8221; width_unit=&#8221;on&#8221; use_custom_gutter=&#8221;off&#8221; allow_player_pause=&#8221;off&#8221; parallax=&#8221;off&#8221; parallax_method=&#8221;on&#8221; make_equal=&#8221;off&#8221; parallax_1=&#8221;off&#8221; parallax_method_1=&#8221;off&#8221; custom_padding_last_edited=&#8221;on|phone&#8221; custom_padding=&#8221;|50px|0px|50px&#8221; custom_padding_tablet=&#8221;|20px|0px|20px&#8221; custom_padding_phone=&#8221;|10px|0px|10px&#8221; background_position=&#8221;top_left&#8221; background_repeat=&#8221;repeat&#8221; background_size=&#8221;initial&#8221;][et_pb_column type=&#8221;4_4&#8243;][et_pb_text admin_label=&#8221;Quote&#8221; background_layout=&#8221;light&#8221; use_border_color=&#8221;off&#8221; module_class=&#8221;quote&#8221; background_position=&#8221;top_left&#8221; background_repeat=&#8221;repeat&#8221; background_size=&#8221;initial&#8221; _builder_version=&#8221;3.0.105&#8243;]<\/p>\n<p>&#8220;We bring our expertise in real estate and finance to address the urgent need for safeguarding Oakland\u2019s cultural vitality.&#8221;<\/p>\n<p>[\/et_pb_text][\/et_pb_column][\/et_pb_row][et_pb_row make_fullwidth=&#8221;off&#8221; use_custom_width=&#8221;off&#8221; width_unit=&#8221;off&#8221; use_custom_gutter=&#8221;on&#8221; allow_player_pause=&#8221;off&#8221; parallax=&#8221;off&#8221; parallax_method=&#8221;on&#8221; make_equal=&#8221;off&#8221; parallax_1=&#8221;off&#8221; parallax_method_1=&#8221;off&#8221; custom_padding_last_edited=&#8221;on|phone&#8221; gutter_width=&#8221;1&#8243; parallax_2=&#8221;off&#8221; parallax_method_2=&#8221;off&#8221; custom_padding=&#8221;0px|50px||50px&#8221; custom_padding_tablet=&#8221;0px|20px||20px&#8221; custom_padding_phone=&#8221;0px|0px||0px&#8221; background_position=&#8221;top_left&#8221; background_repeat=&#8221;repeat&#8221; background_size=&#8221;initial&#8221;][et_pb_column type=&#8221;1_3&#8243;][\/et_pb_column][et_pb_column type=&#8221;2_3&#8243;][et_pb_text admin_label=&#8221;Quotee &#8211; Joanne Lee&#8221; background_layout=&#8221;light&#8221; use_border_color=&#8221;off&#8221; module_class=&#8221;quotee&#8221; background_position=&#8221;top_left&#8221; background_repeat=&#8221;repeat&#8221; background_size=&#8221;initial&#8221; _builder_version=&#8221;3.0.105&#8243;]<\/p>\n<p>\u2014<strong>Joanne Lee<\/strong>, Director of Consulting Services, Northern California Community Loan Fund<\/p>\n<p>[\/et_pb_text][\/et_pb_column][\/et_pb_row][\/et_pb_section][et_pb_section bb_built=&#8221;1&#8243; fullwidth=&#8221;off&#8221; specialty=&#8221;off&#8221; transparent_background=&#8221;off&#8221; allow_player_pause=&#8221;off&#8221; inner_shadow=&#8221;off&#8221; parallax=&#8221;off&#8221; parallax_method=&#8221;on&#8221; make_fullwidth=&#8221;off&#8221; use_custom_width=&#8221;off&#8221; width_unit=&#8221;on&#8221; make_equal=&#8221;off&#8221; use_custom_gutter=&#8221;off&#8221; custom_padding=&#8221;|120px||120px&#8221; custom_padding_tablet=&#8221;|50px||50px&#8221; custom_padding_phone=&#8221;|0px||0px&#8221; custom_padding_last_edited=&#8221;on|phone&#8221; module_class=&#8221;infographic&#8221; prev_background_color=&#8221;#ffffff&#8221; next_background_color=&#8221;#ffffff&#8221;][et_pb_row make_fullwidth=&#8221;off&#8221; use_custom_width=&#8221;off&#8221; width_unit=&#8221;on&#8221; use_custom_gutter=&#8221;on&#8221; custom_padding=&#8221;30px|30px|30px|30px&#8221; background_image=&#8221;http:\/\/krfoundation.org\/year-in-review\/wp-content\/uploads\/sites\/2\/wallpaper_arts.gif&#8221; allow_player_pause=&#8221;off&#8221; parallax=&#8221;on&#8221; parallax_method=&#8221;on&#8221; make_equal=&#8221;on&#8221; parallax_1=&#8221;off&#8221; parallax_method_1=&#8221;off&#8221; parallax_2=&#8221;off&#8221; parallax_method_2=&#8221;off&#8221; parallax_3=&#8221;off&#8221; parallax_method_3=&#8221;off&#8221; background_color=&#8221;#ffffff&#8221; custom_css_main_1=&#8221;||&#8221; module_class=&#8221;rounded&#8221; gutter_width=&#8221;1&#8243; custom_padding_last_edited=&#8221;off|phone&#8221; custom_padding_phone=&#8221;30px||30px|30px&#8221; background_position=&#8221;top_left&#8221; background_repeat=&#8221;repeat&#8221; background_size=&#8221;initial&#8221;][et_pb_column type=&#8221;1_3&#8243;][et_pb_text admin_label=&#8221;54&#8243; background_layout=&#8221;dark&#8221; text_orientation=&#8221;center&#8221; use_border_color=&#8221;off&#8221; module_class=&#8221;rounded&#8221; custom_padding=&#8221;|10px||10px&#8221; background_position=&#8221;top_left&#8221; background_repeat=&#8221;repeat&#8221; background_size=&#8221;initial&#8221; module_alignment=&#8221;center&#8221; _builder_version=&#8221;3.0.105&#8243;]<\/p>\n<p><span class=\"artslt\" style=\"font-size: 4em;line-height: 1em\">54<\/span><br \/>\nNumber of nonprofit representatives who attended CAST\u2019s free real estate readiness training workshops in Oakland<\/p>\n<p><img loading=\"lazy\" decoding=\"async\" class=\"alignnone size-full wp-image-1396\" src=\"http:\/\/krfoundation.org\/year-in-review\/wp-content\/uploads\/sites\/2\/ArtsIcon-Rep.png\" alt=\"\" width=\"144\" height=\"100\" \/><\/p>\n<p>[\/et_pb_text][\/et_pb_column][et_pb_column type=&#8221;1_3&#8243;][et_pb_text admin_label=&#8221;Keeping Space &#8211; Oakland&#8221; background_layout=&#8221;dark&#8221; text_orientation=&#8221;center&#8221; use_border_color=&#8221;off&#8221; module_class=&#8221;rounded&#8221; custom_padding=&#8221;|10px||10px&#8221; background_position=&#8221;top_left&#8221; background_repeat=&#8221;repeat&#8221; background_size=&#8221;initial&#8221; module_alignment=&#8221;center&#8221; _builder_version=&#8221;3.0.106&#8243;]<\/p>\n<p><img loading=\"lazy\" decoding=\"async\" class=\"alignnone size-full wp-image-1395\" src=\"http:\/\/krfoundation.org\/year-in-review\/wp-content\/uploads\/sites\/2\/ArtsIcon-Price.png\" alt=\"\" width=\"144\" height=\"100\" \/><\/p>\n<p>Oakland\u2019s arts community has listed affordable workspaces and housing as the biggest challenges<\/p>\n<p>[\/et_pb_text][\/et_pb_column][et_pb_column type=&#8221;1_3&#8243;][et_pb_text admin_label=&#8221;14&#8243; background_layout=&#8221;dark&#8221; text_orientation=&#8221;center&#8221; use_border_color=&#8221;off&#8221; module_class=&#8221;rounded&#8221; custom_padding=&#8221;|10px||10px&#8221; background_position=&#8221;top_left&#8221; background_repeat=&#8221;repeat&#8221; background_size=&#8221;initial&#8221; module_alignment=&#8221;center&#8221; _builder_version=&#8221;3.0.105&#8243;]<\/p>\n<p><span class=\"artslt\" style=\"font-size: 4em;line-height: 1em\">14<\/span><br \/>\nNumber of Oakland arts organizations that received financial assistance through <em>Keeping Space\u2013Oakland<\/em> to secure long-term, affordable, safe spaces<br \/>\n<img loading=\"lazy\" decoding=\"async\" class=\"alignnone size-full wp-image-1404\" src=\"http:\/\/krfoundation.org\/year-in-review\/wp-content\/uploads\/sites\/2\/ArtsIcon-Key-1-e1520528964241.png\" alt=\"\" width=\"151\" height=\"89\" \/><\/p>\n<p>[\/et_pb_text][\/et_pb_column][\/et_pb_row][\/et_pb_section][et_pb_section bb_built=&#8221;1&#8243; admin_label=&#8221;section&#8221; prev_background_color=&#8221;#000000&#8243; next_background_color=&#8221;#000000&#8243;][et_pb_row make_fullwidth=&#8221;off&#8221; use_custom_width=&#8221;off&#8221; width_unit=&#8221;on&#8221; use_custom_gutter=&#8221;off&#8221; custom_padding=&#8221;||0px|&#8221; allow_player_pause=&#8221;off&#8221; parallax=&#8221;off&#8221; parallax_method=&#8221;on&#8221; make_equal=&#8221;off&#8221; parallax_1=&#8221;off&#8221; parallax_method_1=&#8221;off&#8221; background_position=&#8221;top_left&#8221; background_repeat=&#8221;repeat&#8221; background_size=&#8221;initial&#8221;][et_pb_column type=&#8221;4_4&#8243;][et_pb_image src=&#8221;http:\/\/krfoundation.org\/year-in-review\/wp-content\/uploads\/sites\/2\/Arts_DetourDance_FUGUE_Photo-Robbie-Sweeney_1080_575.jpg&#8221; show_in_lightbox=&#8221;off&#8221; url_new_window=&#8221;off&#8221; use_overlay=&#8221;off&#8221; align=&#8221;left&#8221; force_fullwidth=&#8221;off&#8221; always_center_on_mobile=&#8221;on&#8221; use_border_color=&#8221;off&#8221; show_bottom_space=&#8221;on&#8221; _builder_version=&#8221;3.0.105&#8243; \/][et_pb_text admin_label=&#8221;Caption&#8221; background_layout=&#8221;dark&#8221; text_orientation=&#8221;right&#8221; text_font=&#8221;Arial||||&#8221; text_text_color=&#8221;#ffffff&#8221; background_color=&#8221;#006666&#8243; use_border_color=&#8221;off&#8221; custom_margin=&#8221;-60px|||&#8221; custom_css_main_element=&#8221;border-radius: 20px;||z-index: 1000;&#8221; custom_padding=&#8221;40px|30px|10px|10px&#8221; text_font_size=&#8221;0.8em&#8221; background_position=&#8221;top_left&#8221; background_repeat=&#8221;repeat&#8221; background_size=&#8221;initial&#8221; _builder_version=&#8221;3.0.106&#8243;]<\/p>\n<p>Detour Dance&#8217;s &#8220;Fugue,&#8221; a site-specific immersive performance that features forgotten stories about queer people of color. Photo credit: Robbie Sweeny<\/p>\n<p>[\/et_pb_text][\/et_pb_column][\/et_pb_row][et_pb_row make_fullwidth=&#8221;off&#8221; use_custom_width=&#8221;off&#8221; width_unit=&#8221;on&#8221; use_custom_gutter=&#8221;off&#8221; custom_padding=&#8221;|120px||120px&#8221; allow_player_pause=&#8221;off&#8221; parallax=&#8221;off&#8221; parallax_method=&#8221;on&#8221; make_equal=&#8221;off&#8221; parallax_1=&#8221;off&#8221; parallax_method_1=&#8221;off&#8221; custom_padding_tablet=&#8221;|50px||50px&#8221; custom_padding_phone=&#8221;|0px||0px&#8221; custom_padding_last_edited=&#8221;on|desktop&#8221; background_position=&#8221;top_left&#8221; background_repeat=&#8221;repeat&#8221; background_size=&#8221;initial&#8221;][et_pb_column type=&#8221;4_4&#8243;][et_pb_text admin_label=&#8221;Art in the Open&#8221; background_layout=&#8221;light&#8221; text_orientation=&#8221;center&#8221; use_border_color=&#8221;off&#8221; module_class=&#8221;header arts&#8221; background_position=&#8221;top_left&#8221; background_repeat=&#8221;repeat&#8221; background_size=&#8221;initial&#8221; module_alignment=&#8221;center&#8221; _builder_version=&#8221;3.0.105&#8243;]<\/p>\n<p>Art in the Open<\/p>\n<p>[\/et_pb_text][et_pb_text admin_label=&#8221;Copy&#8221; background_layout=&#8221;light&#8221; header_text_color=&#8221;#006666&#8243; use_border_color=&#8221;off&#8221; background_position=&#8221;top_left&#8221; background_repeat=&#8221;repeat&#8221; background_size=&#8221;initial&#8221; _builder_version=&#8221;3.0.106&#8243;]<\/p>\n<p>The most accessible art is free and open to all in public spaces. In 2017,<a href=\"http:\/\/krfoundation.org\/rainin-foundation-awards-three-public-art-grants\/\" target=\"_blank\" rel=\"noopener\"><strong> the Rainin Foundation announced its first public art grants<\/strong><\/a>, advancing our vision of art fully integrated into the fabric of civic life.<\/p>\n<p>The <a href=\"http:\/\/krfoundation.org\/arts\/grants\/open-spaces\/\" target=\"_blank\" rel=\"noopener\"><strong>Open Spaces Program <\/strong><\/a>invests in temporary public art created in response to the Bay Area sites and communities in which they unfold. We aim to fuel diverse artistic practices, innovative explorations of timely issues and deep processes of community engagement. The collaboration between artists and nonprofits is central to co-creating energized public spaces with each community. The temporary nature of their projects emboldens artists, and working in the public realm allows them to reach broader audiences.<\/p>\n<p><strong><a href=\"http:\/\/krfoundation.org\/arts\/grants\/open-spaces\/2017-awards\/\" target=\"_blank\" rel=\"noopener\">Our inaugural round of Open Spaces Program awards<\/a><\/strong> in January totaled $400,000. Community meals, networked sound sculptures and aerial dance performances addressed resilience in communities of color, climate change and neighborhood transformation.<\/p>\n<p>For our second round, <strong><a href=\"http:\/\/krfoundation.org\/finalists-announced-open-spaces\/\" target=\"_blank\" rel=\"noopener\">we selected ten finalists<\/a><\/strong> in September, reflecting a wide interplay of artistic practices and issues. Each finalist received a grant of $5,000 to further develop their proposal. In addition to funding, the Foundation also hosts a <a href=\"http:\/\/krfoundation.org\/arts\/grants\/open-spaces\/symposium\/\" target=\"_blank\" rel=\"noopener\"><strong>symposium<\/strong><\/a> and workshops for artists to gain inspiration, knowledge and skills for working in public art.<\/p>\n<p>[\/et_pb_text][\/et_pb_column][\/et_pb_row][\/et_pb_section][et_pb_section bb_built=&#8221;1&#8243; admin_label=&#8221;section&#8221; prev_background_color=&#8221;#000000&#8243; next_background_color=&#8221;#000000&#8243;][et_pb_row make_fullwidth=&#8221;off&#8221; use_custom_width=&#8221;off&#8221; width_unit=&#8221;on&#8221; use_custom_gutter=&#8221;off&#8221; allow_player_pause=&#8221;off&#8221; parallax=&#8221;off&#8221; parallax_method=&#8221;on&#8221; make_equal=&#8221;off&#8221; parallax_1=&#8221;off&#8221; parallax_method_1=&#8221;off&#8221; custom_padding_last_edited=&#8221;on|phone&#8221; custom_padding=&#8221;|50px|0px|50px&#8221; custom_padding_tablet=&#8221;|20px|0px|20px&#8221; custom_padding_phone=&#8221;|10px|0px|10px&#8221; background_position=&#8221;top_left&#8221; background_repeat=&#8221;repeat&#8221; background_size=&#8221;initial&#8221;][et_pb_column type=&#8221;4_4&#8243;][et_pb_text admin_label=&#8221;Quote&#8221; background_layout=&#8221;light&#8221; use_border_color=&#8221;off&#8221; module_class=&#8221;quote&#8221; background_position=&#8221;top_left&#8221; background_repeat=&#8221;repeat&#8221; background_size=&#8221;initial&#8221; _builder_version=&#8221;3.0.105&#8243;]<\/p>\n<p>&#8220;On the blocks where we\u2019re setting tables, people are being displaced. Our community meals are a healing and connecting space that amplify the presence of people of color in West Oakland.&#8221;<\/p>\n<p>[\/et_pb_text][\/et_pb_column][\/et_pb_row][et_pb_row make_fullwidth=&#8221;off&#8221; use_custom_width=&#8221;off&#8221; width_unit=&#8221;off&#8221; use_custom_gutter=&#8221;on&#8221; allow_player_pause=&#8221;off&#8221; parallax=&#8221;off&#8221; parallax_method=&#8221;on&#8221; make_equal=&#8221;off&#8221; parallax_1=&#8221;off&#8221; parallax_method_1=&#8221;off&#8221; custom_padding_last_edited=&#8221;on|phone&#8221; gutter_width=&#8221;1&#8243; parallax_2=&#8221;off&#8221; parallax_method_2=&#8221;off&#8221; custom_padding=&#8221;0px|50px||50px&#8221; custom_padding_tablet=&#8221;0px|20px||20px&#8221; custom_padding_phone=&#8221;0px|0px||0px&#8221; background_position=&#8221;top_left&#8221; background_repeat=&#8221;repeat&#8221; background_size=&#8221;initial&#8221;][et_pb_column type=&#8221;1_3&#8243;][\/et_pb_column][et_pb_column type=&#8221;2_3&#8243;][et_pb_text admin_label=&#8221;Quotee &#8211; Jocelyn Jackson&#8221; background_layout=&#8221;light&#8221; use_border_color=&#8221;off&#8221; module_class=&#8221;quotee&#8221; background_position=&#8221;top_left&#8221; background_repeat=&#8221;repeat&#8221; background_size=&#8221;initial&#8221; _builder_version=&#8221;3.0.105&#8243;]<\/p>\n<p>\u2014<strong>Jocelyn Jackson<\/strong>, People&#8217;s Kitchen Collective<\/p>\n<p>[\/et_pb_text][\/et_pb_column][\/et_pb_row][et_pb_row make_fullwidth=&#8221;off&#8221; use_custom_width=&#8221;off&#8221; width_unit=&#8221;on&#8221; use_custom_gutter=&#8221;off&#8221; custom_padding=&#8221;||0px|&#8221; allow_player_pause=&#8221;off&#8221; parallax=&#8221;off&#8221; parallax_method=&#8221;on&#8221; make_equal=&#8221;off&#8221; parallax_1=&#8221;off&#8221; parallax_method_1=&#8221;off&#8221; background_position=&#8221;top_left&#8221; background_repeat=&#8221;repeat&#8221; background_size=&#8221;initial&#8221;][et_pb_column type=&#8221;4_4&#8243;][et_pb_image src=&#8221;http:\/\/krfoundation.org\/year-in-review\/wp-content\/uploads\/sites\/2\/Monsters-And-Men-Courtesy-Sundance-Institute-Photo_Alystyre-Julian_1080_452.jpg&#8221; show_in_lightbox=&#8221;off&#8221; url_new_window=&#8221;off&#8221; use_overlay=&#8221;off&#8221; align=&#8221;left&#8221; force_fullwidth=&#8221;off&#8221; always_center_on_mobile=&#8221;on&#8221; use_border_color=&#8221;off&#8221; show_bottom_space=&#8221;on&#8221; _builder_version=&#8221;3.0.105&#8243; \/][et_pb_text admin_label=&#8221;Caption&#8221; background_layout=&#8221;dark&#8221; text_orientation=&#8221;right&#8221; text_font=&#8221;Arial||||&#8221; text_text_color=&#8221;#ffffff&#8221; background_color=&#8221;#006666&#8243; use_border_color=&#8221;off&#8221; custom_margin=&#8221;-60px|||&#8221; custom_css_main_element=&#8221;border-radius: 20px;||z-index: 1000;&#8221; custom_padding=&#8221;40px|30px|10px|10px&#8221; text_font_size=&#8221;0.8em&#8221; background_position=&#8221;top_left&#8221; background_repeat=&#8221;repeat&#8221; background_size=&#8221;initial&#8221; _builder_version=&#8221;3.0.105&#8243;]<\/p>\n<p>&#8220;Monsters and Men&#8221; examines police brutality from three perspectives. Photo credit: Alystyre Julian<\/p>\n<p>[\/et_pb_text][\/et_pb_column][\/et_pb_row][et_pb_row make_fullwidth=&#8221;off&#8221; use_custom_width=&#8221;off&#8221; width_unit=&#8221;on&#8221; use_custom_gutter=&#8221;off&#8221; custom_padding=&#8221;|120px||120px&#8221; allow_player_pause=&#8221;off&#8221; parallax=&#8221;off&#8221; parallax_method=&#8221;on&#8221; make_equal=&#8221;off&#8221; parallax_1=&#8221;off&#8221; parallax_method_1=&#8221;off&#8221; custom_padding_tablet=&#8221;|50px||50px&#8221; custom_padding_phone=&#8221;|0px||0px&#8221; custom_padding_last_edited=&#8221;on|desktop&#8221; background_position=&#8221;top_left&#8221; background_repeat=&#8221;repeat&#8221; background_size=&#8221;initial&#8221;][et_pb_column type=&#8221;4_4&#8243;][et_pb_text admin_label=&#8221;Social Justice on the Silver Screen &#8221; background_layout=&#8221;light&#8221; text_orientation=&#8221;center&#8221; use_border_color=&#8221;off&#8221; module_class=&#8221;header arts&#8221; background_position=&#8221;top_left&#8221; background_repeat=&#8221;repeat&#8221; background_size=&#8221;initial&#8221; module_alignment=&#8221;center&#8221; _builder_version=&#8221;3.0.105&#8243;]<\/p>\n<p>Social Justice on the Silver Screen<\/p>\n<p>[\/et_pb_text][et_pb_text admin_label=&#8221;Copy&#8221; background_layout=&#8221;light&#8221; header_text_color=&#8221;#006666&#8243; use_border_color=&#8221;off&#8221; background_position=&#8221;top_left&#8221; background_repeat=&#8221;repeat&#8221; background_size=&#8221;initial&#8221; _builder_version=&#8221;3.0.105&#8243;]<\/p>\n<p>Since 2009, our partnership with <a href=\"http:\/\/www.sffilm.org\/\" target=\"_blank\" rel=\"noopener\"><strong>SFFILM<\/strong><\/a> (formerly the San Francisco Film Society) has supported nearly 70 narrative film projects. At more than $4.5 million, our grantmaking to independent filmmakers is the largest in the United States. Our funding elevates social justice themes and Bay Area voices that are typically underrepresented in the commercial film world.<\/p>\n<p>In 2017, <a href=\"http:\/\/krfoundation.org\/tag\/2017-Filmmaking-Grants\/\" target=\"_blank\" rel=\"noopener\">SFFILM \/ Rainin Filmmaking Grants<\/a> awarded $550,000 to 15 projects, and launched discretionary loans to filmmakers in post-production.<\/p>\n<p>Grantees have gained national and international visibility. Geremy Jasper\u2019s breakthrough film,<em>\u00a0Patti Cake$<\/em>, was one of the biggest buys of the 2017 Sundance Film Festival. Three grantee projects screened at the 2018 Sundance Film Festival, including <em>Monsters &amp; Men, <\/em>Reinaldo Marcus Green\u2019s exploration of police violence, racial profiling, and the power of perspective.<\/p>\n<p>[\/et_pb_text][\/et_pb_column][\/et_pb_row][\/et_pb_section][et_pb_section bb_built=&#8221;1&#8243; admin_label=&#8221;section&#8221; prev_background_color=&#8221;#000000&#8243; next_background_color=&#8221;#000000&#8243;][et_pb_row make_fullwidth=&#8221;off&#8221; use_custom_width=&#8221;off&#8221; width_unit=&#8221;on&#8221; use_custom_gutter=&#8221;off&#8221; allow_player_pause=&#8221;off&#8221; parallax=&#8221;off&#8221; parallax_method=&#8221;on&#8221; make_equal=&#8221;off&#8221; parallax_1=&#8221;off&#8221; parallax_method_1=&#8221;off&#8221; custom_padding_last_edited=&#8221;on|phone&#8221; custom_padding=&#8221;|50px|0px|50px&#8221; custom_padding_tablet=&#8221;|20px|0px|20px&#8221; custom_padding_phone=&#8221;|10px|0px|10px&#8221; background_position=&#8221;top_left&#8221; background_repeat=&#8221;repeat&#8221; background_size=&#8221;initial&#8221;][et_pb_column type=&#8221;4_4&#8243;][et_pb_text admin_label=&#8221;Quote&#8221; background_layout=&#8221;light&#8221; use_border_color=&#8221;off&#8221; module_class=&#8221;quote&#8221; background_position=&#8221;top_left&#8221; background_repeat=&#8221;repeat&#8221; background_size=&#8221;initial&#8221; _builder_version=&#8221;3.0.105&#8243;]<\/p>\n<p>&#8220;As funders, we have an obligation to think beyond dated assumptions and best practices designed for another time.&#8221;<\/p>\n<p>[\/et_pb_text][\/et_pb_column][\/et_pb_row][et_pb_row make_fullwidth=&#8221;off&#8221; use_custom_width=&#8221;off&#8221; width_unit=&#8221;off&#8221; use_custom_gutter=&#8221;on&#8221; allow_player_pause=&#8221;off&#8221; parallax=&#8221;off&#8221; parallax_method=&#8221;on&#8221; make_equal=&#8221;off&#8221; parallax_1=&#8221;off&#8221; parallax_method_1=&#8221;off&#8221; custom_padding_last_edited=&#8221;on|phone&#8221; gutter_width=&#8221;1&#8243; parallax_2=&#8221;off&#8221; parallax_method_2=&#8221;off&#8221; custom_padding=&#8221;0px|50px||50px&#8221; custom_padding_tablet=&#8221;0px|20px||20px&#8221; custom_padding_phone=&#8221;0px|0px||0px&#8221; background_position=&#8221;top_left&#8221; background_repeat=&#8221;repeat&#8221; background_size=&#8221;initial&#8221;][et_pb_column type=&#8221;1_3&#8243;][\/et_pb_column][et_pb_column type=&#8221;2_3&#8243;][et_pb_text admin_label=&#8221;Quotee &#8211; Shelley Trott&#8221; background_layout=&#8221;light&#8221; use_border_color=&#8221;off&#8221; module_class=&#8221;quotee&#8221; background_position=&#8221;top_left&#8221; background_repeat=&#8221;repeat&#8221; background_size=&#8221;initial&#8221; _builder_version=&#8221;3.0.105&#8243;]<\/p>\n<p>\u2014<strong>Shelley Trott<\/strong>, Director of Arts Strategy and Ventures<\/p>\n<p>[\/et_pb_text][\/et_pb_column][\/et_pb_row][et_pb_row make_fullwidth=&#8221;off&#8221; use_custom_width=&#8221;off&#8221; width_unit=&#8221;on&#8221; use_custom_gutter=&#8221;off&#8221; custom_padding=&#8221;||0px|&#8221; allow_player_pause=&#8221;off&#8221; parallax=&#8221;off&#8221; parallax_method=&#8221;on&#8221; make_equal=&#8221;off&#8221; parallax_1=&#8221;off&#8221; parallax_method_1=&#8221;off&#8221; background_position=&#8221;top_left&#8221; background_repeat=&#8221;repeat&#8221; background_size=&#8221;initial&#8221;][et_pb_column type=&#8221;4_4&#8243;][et_pb_image src=&#8221;http:\/\/krfoundation.org\/year-in-review\/wp-content\/uploads\/sites\/2\/NAKA-Dance_1080_575.jpg&#8221; show_in_lightbox=&#8221;off&#8221; url_new_window=&#8221;off&#8221; use_overlay=&#8221;off&#8221; align=&#8221;left&#8221; force_fullwidth=&#8221;off&#8221; always_center_on_mobile=&#8221;on&#8221; use_border_color=&#8221;off&#8221; show_bottom_space=&#8221;on&#8221; _builder_version=&#8221;3.0.106&#8243; \/][et_pb_text admin_label=&#8221;Caption&#8221; background_layout=&#8221;dark&#8221; text_orientation=&#8221;right&#8221; text_font=&#8221;Arial||||&#8221; text_text_color=&#8221;#ffffff&#8221; background_color=&#8221;#006666&#8243; use_border_color=&#8221;off&#8221; custom_margin=&#8221;-60px|||&#8221; custom_css_main_element=&#8221;border-radius: 20px;||z-index: 1000;&#8221; custom_padding=&#8221;40px|30px|10px|10px&#8221; text_font_size=&#8221;0.8em&#8221; background_position=&#8221;top_left&#8221; background_repeat=&#8221;repeat&#8221; background_size=&#8221;initial&#8221; _builder_version=&#8221;3.0.106&#8243;]<\/p>\n<p>NAKA Dance Theater&#8217;s &#8220;Buscarte&#8221; contemplates the effect of the trauma of the violent disappearance of 43 students from Guerrero, Mexico. Photo credit: Scott Tsuchitani<\/p>\n<p>[\/et_pb_text][\/et_pb_column][\/et_pb_row][et_pb_row make_fullwidth=&#8221;off&#8221; use_custom_width=&#8221;off&#8221; width_unit=&#8221;on&#8221; use_custom_gutter=&#8221;off&#8221; custom_padding=&#8221;|120px||120px&#8221; allow_player_pause=&#8221;off&#8221; parallax=&#8221;off&#8221; parallax_method=&#8221;on&#8221; make_equal=&#8221;off&#8221; parallax_1=&#8221;off&#8221; parallax_method_1=&#8221;off&#8221; custom_padding_tablet=&#8221;|50px||50px&#8221; custom_padding_phone=&#8221;|0px||0px&#8221; custom_padding_last_edited=&#8221;on|desktop&#8221; background_position=&#8221;top_left&#8221; background_repeat=&#8221;repeat&#8221; background_size=&#8221;initial&#8221;][et_pb_column type=&#8221;4_4&#8243;][et_pb_text admin_label=&#8221;Funding the Future &#8221; background_layout=&#8221;light&#8221; text_orientation=&#8221;center&#8221; use_border_color=&#8221;off&#8221; module_class=&#8221;header arts&#8221; background_position=&#8221;top_left&#8221; background_repeat=&#8221;repeat&#8221; background_size=&#8221;initial&#8221; module_alignment=&#8221;center&#8221; _builder_version=&#8221;3.0.105&#8243;]<\/p>\n<p>Funding the Future<\/p>\n<p>[\/et_pb_text][et_pb_text admin_label=&#8221;Copy&#8221; background_layout=&#8221;light&#8221; header_text_color=&#8221;#006666&#8243; use_border_color=&#8221;off&#8221; background_position=&#8221;top_left&#8221; background_repeat=&#8221;repeat&#8221; background_size=&#8221;initial&#8221; _builder_version=&#8221;3.0.106&#8243;]<\/p>\n<p>The Rainin Foundation has an abiding commitment to uplifting Bay Area communities through the arts. In 2017, our Impact Program awarded $405,000 to three arts organizations for multi-year capacity-building. These and previous grantees have achieved important short-term outcomes. But attaining true sustainability is an enduring challenge for many organizations. We put this program on hold in April as we embarked on a new strategic planning process that will explore leading edge support systems for artists.<\/p>\n<p>In July, we welcomed <strong><a href=\"http:\/\/krfoundation.org\/about\/who-we-are\/staff\/ted-russell\/\" target=\"_blank\" rel=\"noopener\">Ted Russell as Associate Director of Arts Strategy and Ventures<\/a>.<\/strong> Adding Russell\u2019s decades of expertise to the Arts team was timely. His deep understanding of the arts ecosystem has been instrumental to analyzing strategies for supporting visionary artists and organizations.<\/p>\n<p>Accelerating technological and economic change has defied conventional understanding of best practices, and created systemic challenges to nonprofit vitality. Many small to mid-size arts nonprofits are stymied in their quest to remain financially stable or grow. Our year-long strategic investigation revealed three problem-solving touchstones:<\/p>\n<ul>\n<li>Change will require innovation and challenging old philanthropic paradigms<\/li>\n<li>Building partnerships will be essential to achieving systemic change<\/li>\n<li>Unfettered creativity springs from support systems that are cost-effective, reliable and resilient<\/li>\n<\/ul>\n<p>Stay tuned for a 2018-2021 strategy snapshot coming in Spring 2018.<\/p>\n<p>[\/et_pb_text][\/et_pb_column][\/et_pb_row][et_pb_row make_fullwidth=&#8221;off&#8221; use_custom_width=&#8221;off&#8221; width_unit=&#8221;on&#8221; use_custom_gutter=&#8221;off&#8221; allow_player_pause=&#8221;off&#8221; parallax=&#8221;off&#8221; parallax_method=&#8221;on&#8221; make_equal=&#8221;off&#8221; parallax_1=&#8221;off&#8221; parallax_method_1=&#8221;off&#8221; custom_padding_last_edited=&#8221;on|phone&#8221; custom_padding=&#8221;|50px|0px|50px&#8221; custom_padding_tablet=&#8221;|20px|0px|20px&#8221; custom_padding_phone=&#8221;|10px|0px|10px&#8221; background_position=&#8221;top_left&#8221; background_repeat=&#8221;repeat&#8221; background_size=&#8221;initial&#8221;][et_pb_column type=&#8221;4_4&#8243;][et_pb_text admin_label=&#8221;Quote&#8221; background_layout=&#8221;light&#8221; use_border_color=&#8221;off&#8221; module_class=&#8221;quote&#8221; background_position=&#8221;top_left&#8221; background_repeat=&#8221;repeat&#8221; background_size=&#8221;initial&#8221; _builder_version=&#8221;3.0.105&#8243;]<\/p>\n<p>&#8220;The Impact Program created a place where we as artists felt safe, open, and honest to share the reality of our organizations. So often, we work in silos and the opportunity to get together to hear people\u2019s ideas and experiences is very meaningful.&#8221;<\/p>\n<p>[\/et_pb_text][\/et_pb_column][\/et_pb_row][et_pb_row make_fullwidth=&#8221;off&#8221; use_custom_width=&#8221;off&#8221; width_unit=&#8221;off&#8221; use_custom_gutter=&#8221;on&#8221; allow_player_pause=&#8221;off&#8221; parallax=&#8221;off&#8221; parallax_method=&#8221;on&#8221; make_equal=&#8221;off&#8221; parallax_1=&#8221;off&#8221; parallax_method_1=&#8221;off&#8221; custom_padding_last_edited=&#8221;on|phone&#8221; gutter_width=&#8221;1&#8243; parallax_2=&#8221;off&#8221; parallax_method_2=&#8221;off&#8221; custom_padding=&#8221;0px|50px||50px&#8221; custom_padding_tablet=&#8221;0px|20px||20px&#8221; custom_padding_phone=&#8221;0px|0px||0px&#8221; background_position=&#8221;top_left&#8221; background_repeat=&#8221;repeat&#8221; background_size=&#8221;initial&#8221;][et_pb_column type=&#8221;1_3&#8243;][\/et_pb_column][et_pb_column type=&#8221;2_3&#8243;][et_pb_text admin_label=&#8221;Quotee &#8211; Annika Presley&#8221; background_layout=&#8221;light&#8221; use_border_color=&#8221;off&#8221; module_class=&#8221;quotee&#8221; background_position=&#8221;top_left&#8221; background_repeat=&#8221;repeat&#8221; background_size=&#8221;initial&#8221; _builder_version=&#8221;3.0.105&#8243;]<\/p>\n<p>\u2014<strong>Annika Presley<\/strong>, Managing Director, Amy\u00a0Seiwert&#8217;s\u00a0Imagery<\/p>\n<p>[\/et_pb_text][\/et_pb_column][\/et_pb_row][\/et_pb_section][et_pb_section bb_built=&#8221;1&#8243; fullwidth=&#8221;off&#8221; specialty=&#8221;off&#8221; prev_background_color=&#8221;#000000&#8243; next_background_color=&#8221;#000000&#8243;][et_pb_row make_fullwidth=&#8221;off&#8221; use_custom_width=&#8221;off&#8221; width_unit=&#8221;on&#8221; use_custom_gutter=&#8221;off&#8221; custom_padding=&#8221;||0px|&#8221; allow_player_pause=&#8221;off&#8221; parallax=&#8221;off&#8221; parallax_method=&#8221;on&#8221; make_equal=&#8221;off&#8221; parallax_1=&#8221;off&#8221; parallax_method_1=&#8221;off&#8221; background_position=&#8221;top_left&#8221; background_repeat=&#8221;repeat&#8221; background_size=&#8221;initial&#8221;][et_pb_column type=&#8221;4_4&#8243;][et_pb_image src=&#8221;http:\/\/krfoundation.org\/year-in-review\/wp-content\/uploads\/sites\/2\/Arts_ShotGunPlayers_Blackrider_1080_575.jpg&#8221; show_in_lightbox=&#8221;off&#8221; url_new_window=&#8221;off&#8221; use_overlay=&#8221;off&#8221; align=&#8221;left&#8221; force_fullwidth=&#8221;off&#8221; always_center_on_mobile=&#8221;on&#8221; use_border_color=&#8221;off&#8221; show_bottom_space=&#8221;on&#8221; _builder_version=&#8221;3.0.105&#8243; \/][et_pb_text admin_label=&#8221;Caption&#8221; background_layout=&#8221;dark&#8221; text_orientation=&#8221;right&#8221; text_font=&#8221;Arial||||&#8221; text_text_color=&#8221;#ffffff&#8221; background_color=&#8221;#006666&#8243; use_border_color=&#8221;off&#8221; custom_margin=&#8221;-60px|||&#8221; custom_css_main_element=&#8221;border-radius: 20px;||z-index: 1000;&#8221; custom_padding=&#8221;40px|30px|10px|10px&#8221; text_font_size=&#8221;0.8em&#8221; background_position=&#8221;top_left&#8221; background_repeat=&#8221;repeat&#8221; background_size=&#8221;initial&#8221; _builder_version=&#8221;3.0.106&#8243;]<\/p>\n<p>Shotgun Players&#8217; bold theater inspires and challenges audiences to re-examine their lives, community and the ever-changing world around us. Photo credit: Cheshire Isaacs<\/p>\n<p>[\/et_pb_text][\/et_pb_column][\/et_pb_row][et_pb_row make_fullwidth=&#8221;off&#8221; use_custom_width=&#8221;off&#8221; width_unit=&#8221;on&#8221; use_custom_gutter=&#8221;off&#8221; custom_padding=&#8221;|120px||120px&#8221; allow_player_pause=&#8221;off&#8221; parallax=&#8221;off&#8221; parallax_method=&#8221;on&#8221; make_equal=&#8221;off&#8221; parallax_1=&#8221;off&#8221; parallax_method_1=&#8221;off&#8221; custom_padding_tablet=&#8221;|50px||50px&#8221; custom_padding_phone=&#8221;|0px||0px&#8221; custom_padding_last_edited=&#8221;on|desktop&#8221; background_position=&#8221;top_left&#8221; background_repeat=&#8221;repeat&#8221; background_size=&#8221;initial&#8221;][et_pb_column type=&#8221;4_4&#8243;][et_pb_text admin_label=&#8221;Fueling Creativity: Our Grant Programs&#8221; background_layout=&#8221;light&#8221; text_orientation=&#8221;center&#8221; use_border_color=&#8221;off&#8221; module_class=&#8221;header arts&#8221; background_position=&#8221;top_left&#8221; background_repeat=&#8221;repeat&#8221; background_size=&#8221;initial&#8221; module_alignment=&#8221;center&#8221; _builder_version=&#8221;3.0.106&#8243;]<\/p>\n<p>Fueling Creativity: 2017 Grantees<\/p>\n<p>[\/et_pb_text][et_pb_text admin_label=&#8221;Copy&#8221; background_layout=&#8221;light&#8221; header_text_color=&#8221;#006666&#8243; use_border_color=&#8221;off&#8221; background_position=&#8221;top_left&#8221; background_repeat=&#8221;repeat&#8221; background_size=&#8221;initial&#8221; _builder_version=&#8221;3.0.106&#8243;]<\/p>\n<p>The Rainin Foundation is committed to creating opportunities for independent artists and arts organizations that push the boundaries of creative expression.<\/p>\n<p>[\/et_pb_text][\/et_pb_column][\/et_pb_row][et_pb_row make_fullwidth=&#8221;off&#8221; use_custom_width=&#8221;off&#8221; width_unit=&#8221;on&#8221; use_custom_gutter=&#8221;off&#8221; custom_padding=&#8221;|120px||120px&#8221; allow_player_pause=&#8221;off&#8221; parallax=&#8221;off&#8221; parallax_method=&#8221;on&#8221; make_equal=&#8221;off&#8221; parallax_1=&#8221;off&#8221; parallax_method_1=&#8221;off&#8221; custom_padding_tablet=&#8221;|50px||50px&#8221; custom_padding_phone=&#8221;|0px||0px&#8221; custom_padding_last_edited=&#8221;on|desktop&#8221; background_position=&#8221;top_left&#8221; background_repeat=&#8221;repeat&#8221; background_size=&#8221;initial&#8221;][et_pb_column type=&#8221;4_4&#8243;][et_pb_text admin_label=&#8221;NEW Program&#8221; background_layout=&#8221;light&#8221; use_border_color=&#8221;off&#8221; background_position=&#8221;top_left&#8221; background_repeat=&#8221;repeat&#8221; background_size=&#8221;initial&#8221; module_alignment=&#8221;center&#8221; _builder_version=&#8221;3.0.105&#8243;]<\/p>\n<p class=\"arts\" style=\"text-align: center\"><strong>NEW &amp; EXPERIMENTAL WORKS (NEW) PROGRAM<\/strong><\/p>\n<p>Supports cutting-edge, contemporary productions and those that give voice to current cultural issues or unique communities of the Bay Area.<a href=\"http:\/\/krfoundation.org\/arts\/grants\/new-experimental-works-new-program\/recipients-2017\/\" target=\"_blank\" rel=\"noopener noreferrer\">\u00a0View more information<\/a> about these grants.<\/p>\n<p>[\/et_pb_text][et_pb_text admin_label=&#8221;Organizations&#8221; background_layout=&#8221;light&#8221; use_border_color=&#8221;off&#8221; custom_padding_phone=&#8221;|0px||0px&#8221; custom_padding_last_edited=&#8221;on|desktop&#8221; background_position=&#8221;top_left&#8221; background_repeat=&#8221;repeat&#8221; background_size=&#8221;initial&#8221; _builder_version=&#8221;3.0.105&#8243;] <div class='one_half'>\n\t\t\t\t\t3Girls Theatre Company<\/p>\n<p>ABBYCRAINPROJECTS<\/p>\n<p>Afro Urban Society<\/p>\n<p>Aggregate Space Gallery<\/p>\n<p>B4BEL4B Gallery<\/p>\n<p>Capacitor<\/p>\n<p>Circo Zero<\/p>\n<p>CounterPulse<\/p>\n<p>CubaCaribe<\/p>\n<p>Custom Made Theatre Company<\/p>\n<p>Deep Waters Dance Theater<\/p>\n<p>Erika Chong Shuch Performance Project<\/p>\n<p>FACT\/SF<\/p>\n<p>Fresh Meat Productions<\/p>\n<p>Funsch Dance Experience<\/p>\n<p>Golden Thread Productions<\/p>\n<p>Joe Goode Performance Group<\/p>\n\t\t\t\t<\/div><div class='one_half et_column_last'>\n\t\t\t\t\tThe Lab SF<\/p>\n<p>Lenora Lee Dance<\/p>\n<p>Liss Fain Dance, Inc.<\/p>\n<p>Magic Theatre Inc.<\/p>\n<p>Margaret Jenkins Dance Studio Inc.<\/p>\n<p>The Marsh<\/p>\n<p>Marin Theatre Company<\/p>\n<p>Mission Cultural Center For Latino Arts<\/p>\n<p>Navarrete x Kajiyama Dance Theater<\/p>\n<p>Pro Arts<\/p>\n<p>Push Dance Company<\/p>\n<p>RAWdance<\/p>\n<p>San Francisco Playhouse<\/p>\n<p>Scott Wells and Dancers<\/p>\n<p>SOMArts<\/p>\n<p>Ubuntu Theater Project<\/p>\n\t\t\t\t<\/div><div class='clear'><\/div> [\/et_pb_text][\/et_pb_column][\/et_pb_row][et_pb_row make_fullwidth=&#8221;off&#8221; use_custom_width=&#8221;off&#8221; width_unit=&#8221;on&#8221; use_custom_gutter=&#8221;off&#8221; custom_padding=&#8221;|120px||120px&#8221; allow_player_pause=&#8221;off&#8221; parallax=&#8221;off&#8221; parallax_method=&#8221;on&#8221; make_equal=&#8221;off&#8221; parallax_1=&#8221;off&#8221; parallax_method_1=&#8221;off&#8221; custom_padding_tablet=&#8221;|50px||50px&#8221; custom_padding_phone=&#8221;|0px||0px&#8221; custom_padding_last_edited=&#8221;on|desktop&#8221; background_position=&#8221;top_left&#8221; background_repeat=&#8221;repeat&#8221; background_size=&#8221;initial&#8221;][et_pb_column type=&#8221;4_4&#8243;][et_pb_text admin_label=&#8221;RENEW Program&#8221; background_layout=&#8221;light&#8221; use_border_color=&#8221;off&#8221; background_position=&#8221;top_left&#8221; background_repeat=&#8221;repeat&#8221; background_size=&#8221;initial&#8221; module_alignment=&#8221;center&#8221; _builder_version=&#8221;3.0.105&#8243;]<\/p>\n<p class=\"arts\" style=\"text-align: center\"><strong>RENEW PROGRAM<\/strong><\/p>\n<p>Provides multi-year grants to ongoing programs that support the creation and presentation of new and experimental work. Invitation only. <a href=\"http:\/\/krfoundation.org\/arts\/grants\/renew-program\/recipients-2017\/\" target=\"_blank\" rel=\"noopener noreferrer\">View more information<\/a> about these grants.<\/p>\n<p>[\/et_pb_text][et_pb_text admin_label=&#8221;Organizations&#8221; background_layout=&#8221;light&#8221; use_border_color=&#8221;off&#8221; custom_padding_phone=&#8221;|0px||0px&#8221; custom_padding_last_edited=&#8221;on|desktop&#8221; background_position=&#8221;top_left&#8221; background_repeat=&#8221;repeat&#8221; background_size=&#8221;initial&#8221; _builder_version=&#8221;3.0.105&#8243;] <div class='one_half'>\n\t\t\t\t\tCrowded Fire Theater<\/p>\n<p>Cutting Ball Theater<\/p>\n\t\t\t\t<\/div><div class='one_half et_column_last'>\n\t\t\t\t\tLa ALTERNATIVA<\/p>\n<p>Epiphany Productions\n\t\t\t\t<\/div><div class='clear'><\/div> [\/et_pb_text][\/et_pb_column][\/et_pb_row][et_pb_row make_fullwidth=&#8221;off&#8221; use_custom_width=&#8221;off&#8221; width_unit=&#8221;on&#8221; use_custom_gutter=&#8221;off&#8221; custom_padding=&#8221;|120px||120px&#8221; allow_player_pause=&#8221;off&#8221; parallax=&#8221;off&#8221; parallax_method=&#8221;on&#8221; make_equal=&#8221;off&#8221; parallax_1=&#8221;off&#8221; parallax_method_1=&#8221;off&#8221; custom_padding_tablet=&#8221;|50px||50px&#8221; custom_padding_phone=&#8221;|0px||0px&#8221; custom_padding_last_edited=&#8221;on|desktop&#8221; background_position=&#8221;top_left&#8221; background_repeat=&#8221;repeat&#8221; background_size=&#8221;initial&#8221;][et_pb_column type=&#8221;4_4&#8243;][et_pb_text admin_label=&#8221;IMPACT Program&#8221; background_layout=&#8221;light&#8221; use_border_color=&#8221;off&#8221; background_position=&#8221;top_left&#8221; background_repeat=&#8221;repeat&#8221; background_size=&#8221;initial&#8221; module_alignment=&#8221;center&#8221; _builder_version=&#8221;3.0.105&#8243;]<\/p>\n<p class=\"arts\" style=\"text-align: center\"><strong>IMPACT PROGRAM<\/strong><\/p>\n<p>Provides multi-year, capacity-building support to small and mid-size dance, theater and multidisciplinary arts organizations. <a href=\"http:\/\/krfoundation.org\/arts\/grants\/impact-grant-program\/recipients-2017\/\" target=\"_blank\" rel=\"noopener noreferrer\">View more information<\/a> about these grants.<\/p>\n<p>[\/et_pb_text][et_pb_text admin_label=&#8221;Organizations&#8221; background_layout=&#8221;light&#8221; use_border_color=&#8221;off&#8221; custom_padding_phone=&#8221;|0px||0px&#8221; custom_padding_last_edited=&#8221;on|desktop&#8221; background_position=&#8221;top_left&#8221; background_repeat=&#8221;repeat&#8221; background_size=&#8221;initial&#8221; _builder_version=&#8221;3.0.105&#8243;] <div class='one_half'>\n\t\t\t\t\tHope Mohr Dance<\/p>\n<p>Shotgun Players<\/p>\n\t\t\t\t<\/div><div class='one_half et_column_last'>\n\t\t\t\t\tTheatre Bay Area\n\t\t\t\t<\/div><div class='clear'><\/div> [\/et_pb_text][\/et_pb_column][\/et_pb_row][et_pb_row make_fullwidth=&#8221;off&#8221; use_custom_width=&#8221;off&#8221; width_unit=&#8221;on&#8221; use_custom_gutter=&#8221;off&#8221; custom_padding=&#8221;|120px||120px&#8221; allow_player_pause=&#8221;off&#8221; parallax=&#8221;off&#8221; parallax_method=&#8221;on&#8221; make_equal=&#8221;off&#8221; parallax_1=&#8221;off&#8221; parallax_method_1=&#8221;off&#8221; custom_padding_tablet=&#8221;|50px||50px&#8221; custom_padding_phone=&#8221;|0px||0px&#8221; custom_padding_last_edited=&#8221;on|desktop&#8221; background_position=&#8221;top_left&#8221; background_repeat=&#8221;repeat&#8221; background_size=&#8221;initial&#8221;][et_pb_column type=&#8221;4_4&#8243;][et_pb_text admin_label=&#8221;Open Spaces&#8221; background_layout=&#8221;light&#8221; use_border_color=&#8221;off&#8221; background_position=&#8221;top_left&#8221; background_repeat=&#8221;repeat&#8221; background_size=&#8221;initial&#8221; module_alignment=&#8221;center&#8221; _builder_version=&#8221;3.0.105&#8243;]<\/p>\n<p class=\"arts\" style=\"text-align: center\"><strong>OPEN SPACES PROGRAM<\/strong><\/p>\n<p>Supports nonprofit organizations to partner with artists to create temporary, place-based public art projects in San Francisco and Oakland. In January 2017, the following teams received Open Spaces Program grants. <a href=\"http:\/\/krfoundation.org\/arts\/grants\/open-spaces\/2017-awards\/\" target=\"_blank\" rel=\"noopener noreferrer\">View more information<\/a> about these grants.<\/p>\n<p>[\/et_pb_text][et_pb_text admin_label=&#8221;Organizations &#8211; Full Grants&#8221; background_layout=&#8221;light&#8221; use_border_color=&#8221;off&#8221; custom_padding_phone=&#8221;|0px||0px&#8221; custom_padding_last_edited=&#8221;on|desktop&#8221; background_position=&#8221;top_left&#8221; background_repeat=&#8221;repeat&#8221; background_size=&#8221;initial&#8221; _builder_version=&#8221;3.0.105&#8243;] <div class='one_half'>\n\t\t\t\t\tPeople\u2019s Kitchen Collective and AIR-SF<\/p>\n<p>The Exploratorium &amp; Rosten Woo<\/p>\n\t\t\t\t<\/div><div class='one_half et_column_last'>\n\t\t\t\t\tZaccho Dance Theatre, Joanna Haigood, Mary Ellen Strom, Walter Kitundu, and Bayview-Hunters Point Center for Arts and Technology\n\t\t\t\t<\/div><div class='clear'><\/div> [\/et_pb_text][et_pb_text admin_label=&#8221;project development grants &#8221; background_layout=&#8221;light&#8221; use_border_color=&#8221;off&#8221; background_position=&#8221;top_left&#8221; background_repeat=&#8221;repeat&#8221; background_size=&#8221;initial&#8221; module_alignment=&#8221;center&#8221; _builder_version=&#8221;3.0.105&#8243;]<\/p>\n<p>In September, these teams received project development grants to further develop proposals for our 2018 Open Spaces Program grant cycle. <a href=\"http:\/\/krfoundation.org\/finalists-announced-open-spaces\/\" target=\"_blank\" rel=\"noopener noreferrer\">View more information<\/a> about these grants.<\/p>\n<p>[\/et_pb_text][et_pb_text admin_label=&#8221;Organizations &#8211; Project Development Grants&#8221; background_layout=&#8221;light&#8221; use_border_color=&#8221;off&#8221; custom_padding_phone=&#8221;|0px||0px&#8221; custom_padding_last_edited=&#8221;on|desktop&#8221; background_position=&#8221;top_left&#8221; background_repeat=&#8221;repeat&#8221; background_size=&#8221;initial&#8221; _builder_version=&#8221;3.0.105&#8243;] <div class='one_half'>\n\t\t\t\t\tAttitudinal Healing with Amana Harris<\/p>\n<p>Chinese Culture Foundation of San Francisco with Survival Project (Rania Ho, Thy Tran and Bryan Wu)<\/p>\n<p>Flyaway Productions with Jo Kreiter, V\u00e2n-\u00c1nh V\u00f5 and Sean Riley<\/p>\n<p>Galeria Studio 24 with Alexandra \u201cLexx\u201d Valdez and Jessica Sabogal<\/p>\n<p>Headlands Center for the Arts with Miriam Simun<\/p>\n\t\t\t\t<\/div><div class='one_half et_column_last'>\n\t\t\t\t\tIslamic Cultural Center of Northern California with Collective Action Studio (Justin Hoover and Chris Treggiari)<\/p>\n<p>Mills College with Constance Hockaday<\/p>\n<p>Precita Eyes Muralists with Luska\/La MaestraPeace 21 and MaestraPeace Art Works<\/p>\n<p>Yerba Buena Center for the Arts with Suzanne Lacy<\/p>\n<p>Youth Speaks with James Kass and Sean San Jose\n\t\t\t\t<\/div><div class='clear'><\/div> [\/et_pb_text][\/et_pb_column][\/et_pb_row][et_pb_row make_fullwidth=&#8221;off&#8221; use_custom_width=&#8221;off&#8221; width_unit=&#8221;on&#8221; use_custom_gutter=&#8221;off&#8221; custom_padding=&#8221;|120px||120px&#8221; allow_player_pause=&#8221;off&#8221; parallax=&#8221;off&#8221; parallax_method=&#8221;on&#8221; make_equal=&#8221;off&#8221; parallax_1=&#8221;off&#8221; parallax_method_1=&#8221;off&#8221; custom_padding_tablet=&#8221;|50px||50px&#8221; custom_padding_phone=&#8221;|0px||0px&#8221; custom_padding_last_edited=&#8221;on|desktop&#8221; background_position=&#8221;top_left&#8221; background_repeat=&#8221;repeat&#8221; background_size=&#8221;initial&#8221;][et_pb_column type=&#8221;4_4&#8243;][et_pb_text admin_label=&#8221;Opportunity Fund&#8221; background_layout=&#8221;light&#8221; use_border_color=&#8221;off&#8221; background_position=&#8221;top_left&#8221; background_repeat=&#8221;repeat&#8221; background_size=&#8221;initial&#8221; module_alignment=&#8221;center&#8221; _builder_version=&#8221;3.0.105&#8243;]<\/p>\n<p class=\"arts\" style=\"text-align: center\"><strong>OPPORTUNITY FUND<\/strong><\/p>\n<p>Provides one-time grants to respond to opportunities aligned with our strategic framework that fall outside of established programs. Invitation only. <a href=\"http:\/\/krfoundation.org\/arts\/grants\/special-initiatives\/recipients-2017\/\" target=\"_blank\" rel=\"noopener noreferrer\">View more information<\/a> about these grants.<\/p>\n<p>[\/et_pb_text][et_pb_text admin_label=&#8221;Organizations&#8221; background_layout=&#8221;light&#8221; use_border_color=&#8221;off&#8221; custom_padding_phone=&#8221;|0px||0px&#8221; custom_padding_last_edited=&#8221;on|desktop&#8221; background_position=&#8221;top_left&#8221; background_repeat=&#8221;repeat&#8221; background_size=&#8221;initial&#8221; _builder_version=&#8221;3.0.106&#8243;] <div class='one_half'>\n\t\t\t\t\tThe Center for Cultural Innovation<\/p>\n<p>City of Oakland<\/p>\n<p>Community Arts Stabilization Trust<\/p>\n\t\t\t\t<\/div><div class='one_half et_column_last'>\n\t\t\t\t\tMulti-Storied Pictures<\/p>\n<p>KQED<\/p>\n\t\t\t\t<\/div><div class='clear'><\/div> [\/et_pb_text][\/et_pb_column][\/et_pb_row][\/et_pb_section][et_pb_section bb_built=&#8221;1&#8243; fullwidth=&#8221;off&#8221; specialty=&#8221;off&#8221; prev_background_color=&#8221;#000000&#8243; next_background_color=&#8221;#000000&#8243;][et_pb_row background_position=&#8221;top_left&#8221; background_repeat=&#8221;repeat&#8221; background_size=&#8221;initial&#8221;][et_pb_column type=&#8221;4_4&#8243;][et_pb_text admin_label=&#8221;Explore&#8221; background_layout=&#8221;light&#8221; text_orientation=&#8221;center&#8221; text_font=&#8221;Georgia||||&#8221; text_font_size=&#8221;20&#8243; use_border_color=&#8221;off&#8221; border_color=&#8221;#ffffff&#8221; border_style=&#8221;solid&#8221; saved_tabs=&#8221;all&#8221; background_position=&#8221;top_left&#8221; background_repeat=&#8221;repeat&#8221; background_size=&#8221;initial&#8221; module_alignment=&#8221;center&#8221;]<\/p>\n<p>Explore the Foundation\u2019s website to <a href=\"http:\/\/krfoundation.org\/arts\/\" target=\"_blank\" rel=\"noopener noreferrer\">learn more<\/a> about our Arts program.<\/p>\n<p>[\/et_pb_text][\/et_pb_column][\/et_pb_row][\/et_pb_section][et_pb_section bb_built=&#8221;1&#8243; fullwidth=&#8221;off&#8221; specialty=&#8221;off&#8221; _builder_version=&#8221;3.0.106&#8243; prev_background_color=&#8221;#000000&#8243; global_module=&#8221;1561&#8243;][et_pb_row global_parent=&#8221;1561&#8243; make_fullwidth=&#8221;off&#8221; use_custom_width=&#8221;off&#8221; width_unit=&#8221;on&#8221; use_custom_gutter=&#8221;off&#8221; custom_padding=&#8221;||0px|&#8221; allow_player_pause=&#8221;off&#8221; parallax=&#8221;off&#8221; parallax_method=&#8221;on&#8221; make_equal=&#8221;off&#8221; parallax_1=&#8221;off&#8221; parallax_method_1=&#8221;off&#8221; background_position=&#8221;top_left&#8221; background_repeat=&#8221;repeat&#8221; background_size=&#8221;initial&#8221;][et_pb_column type=&#8221;4_4&#8243;][et_pb_text admin_label=&#8221;Turning Points 2017&#8243; global_parent=&#8221;1561&#8243; background_layout=&#8221;light&#8221; text_orientation=&#8221;center&#8221; use_border_color=&#8221;off&#8221; module_class=&#8221;tpfoot&#8221; background_position=&#8221;top_left&#8221; background_repeat=&#8221;repeat&#8221; background_size=&#8221;initial&#8221; module_alignment=&#8221;center&#8221; _builder_version=&#8221;3.0.106&#8243;]<\/p>\n<p><a href=\"http:\/\/krfoundation.org\/year-in-review\/tp2017\/\">Turning Points 2017<\/a><\/p>\n<p>[\/et_pb_text][\/et_pb_column][\/et_pb_row][et_pb_row global_parent=&#8221;1561&#8243; make_fullwidth=&#8221;off&#8221; use_custom_width=&#8221;off&#8221; width_unit=&#8221;off&#8221; custom_width_percent=&#8221;50px&#8221; use_custom_gutter=&#8221;on&#8221; allow_player_pause=&#8221;off&#8221; parallax=&#8221;off&#8221; parallax_method=&#8221;on&#8221; make_equal=&#8221;off&#8221; parallax_1=&#8221;off&#8221; parallax_method_1=&#8221;off&#8221; parallax_2=&#8221;off&#8221; parallax_method_2=&#8221;off&#8221; parallax_3=&#8221;off&#8221; parallax_method_3=&#8221;off&#8221; gutter_width=&#8221;2&#8243; custom_padding=&#8221;|220px||220px&#8221; custom_padding_tablet=&#8221;|100px||100px&#8221; custom_padding_phone=&#8221;|20px||20px&#8221; custom_padding_last_edited=&#8221;on|phone&#8221; background_position=&#8221;top_left&#8221; background_repeat=&#8221;repeat&#8221; background_size=&#8221;initial&#8221;][et_pb_column type=&#8221;1_3&#8243;][et_pb_button admin_label=&#8221;Arts Button&#8221; global_parent=&#8221;1561&#8243; button_url=&#8221;http:\/\/krfoundation.org\/year-in-review\/tp2017\/arts\/&#8221; url_new_window=&#8221;off&#8221; button_text=&#8221;Arts&#8221; button_alignment=&#8221;center&#8221; background_layout=&#8221;dark&#8221; custom_button=&#8221;on&#8221; button_text_size=&#8221;12&#8243; button_text_color=&#8221;#ffffff&#8221; button_bg_color=&#8221;#006666&#8243; button_border_width=&#8221;0&#8243; button_border_radius=&#8221;10&#8243; button_letter_spacing=&#8221;2&#8243; button_font=&#8221;Arial|on||on|&#8221; button_use_icon=&#8221;off&#8221; button_icon=&#8221;%%20%%&#8221; button_icon_color=&#8221;#ffffff&#8221; button_icon_placement=&#8221;right&#8221; button_on_hover=&#8221;off&#8221; button_border_radius_hover=&#8221;10&#8243; button_letter_spacing_hover=&#8221;2&#8243; button_text_color_hover=&#8221;#006666&#8243; button_bg_color_hover=&#8221;#eeeeee&#8221; custom_css_main_element=&#8221;width: 100%;||padding: 8px !important;&#8221; _builder_version=&#8221;3.0.106&#8243; \/][\/et_pb_column][et_pb_column type=&#8221;1_3&#8243;][et_pb_button admin_label=&#8221;Edu Button&#8221; global_parent=&#8221;1561&#8243; button_url=&#8221;http:\/\/krfoundation.org\/year-in-review\/tp2017\/education\/&#8221; url_new_window=&#8221;off&#8221; button_text=&#8221;Education&#8221; button_alignment=&#8221;center&#8221; background_layout=&#8221;dark&#8221; custom_button=&#8221;on&#8221; button_text_size=&#8221;12&#8243; button_text_color=&#8221;#ffffff&#8221; button_bg_color=&#8221;#cfa021&#8243; button_border_width=&#8221;0&#8243; button_border_radius=&#8221;10&#8243; button_letter_spacing=&#8221;2&#8243; button_font=&#8221;Arial|on||on|&#8221; button_use_icon=&#8221;off&#8221; button_icon=&#8221;%%20%%&#8221; button_icon_color=&#8221;#ffffff&#8221; button_icon_placement=&#8221;right&#8221; button_on_hover=&#8221;off&#8221; button_border_radius_hover=&#8221;10&#8243; button_letter_spacing_hover=&#8221;2&#8243; button_text_color_hover=&#8221;#cfa021&#8243; button_bg_color_hover=&#8221;#eeeeee&#8221; custom_css_main_element=&#8221;width: 100%;||padding: 8px !important;&#8221; _builder_version=&#8221;3.0.106&#8243; \/][\/et_pb_column][et_pb_column type=&#8221;1_3&#8243;][et_pb_button admin_label=&#8221;Health Button&#8221; global_parent=&#8221;1561&#8243; button_url=&#8221;http:\/\/krfoundation.org\/year-in-review\/tp2017\/health\/&#8221; url_new_window=&#8221;off&#8221; button_text=&#8221;Health&#8221; button_alignment=&#8221;center&#8221; background_layout=&#8221;dark&#8221; custom_button=&#8221;on&#8221; button_text_size=&#8221;12&#8243; button_text_color=&#8221;#ffffff&#8221; button_bg_color=&#8221;#336699&#8243; button_border_width=&#8221;0&#8243; button_border_radius=&#8221;10&#8243; button_letter_spacing=&#8221;2&#8243; button_font=&#8221;Arial|on||on|&#8221; button_use_icon=&#8221;off&#8221; button_icon=&#8221;%%20%%&#8221; button_icon_color=&#8221;#ffffff&#8221; button_icon_placement=&#8221;right&#8221; button_on_hover=&#8221;off&#8221; button_border_radius_hover=&#8221;10&#8243; button_letter_spacing_hover=&#8221;2&#8243; button_text_color_hover=&#8221;#336699&#8243; button_bg_color_hover=&#8221;#eeeeee&#8221; custom_css_main_element=&#8221;width: 100%;||padding: 8px !important;&#8221; _builder_version=&#8221;3.0.106&#8243; \/][\/et_pb_column][\/et_pb_row][\/et_pb_section]<\/p>\n","protected":false},"excerpt":{"rendered":"<p>Axis Dance Company celebrated its 30th anniversary in 2017. Photo credit: David DeSilva Thriving Artists, Thriving Communities We believe that visionary artists are vital in turbulent times such as these. They push the boundaries of creative expression to illuminate diverse stories, help us transcend divisions and reconnect us with our shared humanity. At this critical [&hellip;]<\/p>\n","protected":false},"author":1,"featured_media":0,"parent":1091,"menu_order":1,"comment_status":"closed","ping_status":"closed","template":"","meta":{"_acf_changed":false,"_et_pb_use_builder":"on","_et_pb_old_content":"","_et_gb_content_width":"","footnotes":""},"class_list":["post-1093","page","type-page","status-publish","hentry"],"acf":[],"yoast_head":"<!-- This site is optimized with the Yoast SEO plugin v27.4 - https:\/\/yoast.com\/product\/yoast-seo-wordpress\/ -->\n<title>Kenneth Rainin Foundation - Turning Points: 2017<\/title>\n<meta name=\"description\" content=\"Read about how we invested in the Bay Area arts community in 2017\" \/>\n<meta name=\"robots\" content=\"index, follow, max-snippet:-1, max-image-preview:large, max-video-preview:-1\" \/>\n<link rel=\"canonical\" href=\"https:\/\/krfoundation.org\/year-in-review\/tp2017\/arts\/\" \/>\n<meta property=\"og:locale\" content=\"en_US\" \/>\n<meta property=\"og:type\" content=\"article\" \/>\n<meta property=\"og:title\" content=\"Turning Points 2017 - Arts\" \/>\n<meta property=\"og:description\" content=\"Read about how we invested in the Bay Area arts community in 2017\" \/>\n<meta property=\"og:url\" content=\"https:\/\/krfoundation.org\/year-in-review\/tp2017\/arts\/\" \/>\n<meta property=\"og:site_name\" content=\"Kenneth Rainin Foundation: Turning Points\" \/>\n<meta property=\"article:publisher\" content=\"https:\/\/www.facebook.com\/kennethraininfoundation\/\" \/>\n<meta property=\"og:image\" content=\"https:\/\/krfoundation.org\/year-in-review\/wp-content\/uploads\/sites\/2\/TurningPoints2022-web.jpg\" \/>\n\t<meta property=\"og:image:width\" content=\"1200\" \/>\n\t<meta property=\"og:image:height\" content=\"675\" \/>\n\t<meta property=\"og:image:type\" content=\"image\/jpeg\" \/>\n<meta name=\"twitter:card\" content=\"summary_large_image\" \/>\n<meta name=\"twitter:title\" content=\"Turning Points 2017 - Arts\" \/>\n<meta name=\"twitter:description\" content=\"Read about how we invested in the Bay Area arts community in 2017\" \/>\n<meta name=\"twitter:image\" content=\"http:\/\/krfoundation.org\/year-in-review\/wp-content\/uploads\/AxisDance_1080_635.jpg\" \/>\n<meta name=\"twitter:site\" content=\"@kr_foundation\" \/>\n<meta name=\"twitter:label1\" content=\"Est. reading time\" \/>\n\t<meta name=\"twitter:data1\" content=\"38 minutes\" \/>\n<script type=\"application\/ld+json\" class=\"yoast-schema-graph\">{\"@context\":\"https:\\\/\\\/schema.org\",\"@graph\":[{\"@type\":\"WebPage\",\"@id\":\"https:\\\/\\\/krfoundation.org\\\/year-in-review\\\/tp2017\\\/arts\\\/\",\"url\":\"https:\\\/\\\/krfoundation.org\\\/year-in-review\\\/tp2017\\\/arts\\\/\",\"name\":\"Kenneth Rainin Foundation - Turning Points: 2017\",\"isPartOf\":{\"@id\":\"https:\\\/\\\/krfoundation.org\\\/year-in-review\\\/#website\"},\"primaryImageOfPage\":{\"@id\":\"https:\\\/\\\/krfoundation.org\\\/year-in-review\\\/tp2017\\\/arts\\\/#primaryimage\"},\"image\":{\"@id\":\"https:\\\/\\\/krfoundation.org\\\/year-in-review\\\/tp2017\\\/arts\\\/#primaryimage\"},\"thumbnailUrl\":\"http:\\\/\\\/krfoundation.org\\\/year-in-review\\\/wp-content\\\/uploads\\\/sites\\\/2\\\/icon_building.png\",\"datePublished\":\"2018-02-22T23:13:38+00:00\",\"description\":\"Read about how we invested in the Bay Area arts community in 2017\",\"breadcrumb\":{\"@id\":\"https:\\\/\\\/krfoundation.org\\\/year-in-review\\\/tp2017\\\/arts\\\/#breadcrumb\"},\"inLanguage\":\"en-US\",\"potentialAction\":[{\"@type\":\"ReadAction\",\"target\":[\"https:\\\/\\\/krfoundation.org\\\/year-in-review\\\/tp2017\\\/arts\\\/\"]}]},{\"@type\":\"ImageObject\",\"inLanguage\":\"en-US\",\"@id\":\"https:\\\/\\\/krfoundation.org\\\/year-in-review\\\/tp2017\\\/arts\\\/#primaryimage\",\"url\":\"https:\\\/\\\/krfoundation.org\\\/year-in-review\\\/wp-content\\\/uploads\\\/sites\\\/2\\\/icon_building.png\",\"contentUrl\":\"https:\\\/\\\/krfoundation.org\\\/year-in-review\\\/wp-content\\\/uploads\\\/sites\\\/2\\\/icon_building.png\",\"width\":100,\"height\":100},{\"@type\":\"BreadcrumbList\",\"@id\":\"https:\\\/\\\/krfoundation.org\\\/year-in-review\\\/tp2017\\\/arts\\\/#breadcrumb\",\"itemListElement\":[{\"@type\":\"ListItem\",\"position\":1,\"name\":\"Home\",\"item\":\"https:\\\/\\\/krfoundation.org\\\/year-in-review\\\/\"},{\"@type\":\"ListItem\",\"position\":2,\"name\":\"Turning Points 2017\",\"item\":\"https:\\\/\\\/krfoundation.org\\\/year-in-review\\\/tp2017\\\/\"},{\"@type\":\"ListItem\",\"position\":3,\"name\":\"Arts\"}]},{\"@type\":\"WebSite\",\"@id\":\"https:\\\/\\\/krfoundation.org\\\/year-in-review\\\/#website\",\"url\":\"https:\\\/\\\/krfoundation.org\\\/year-in-review\\\/\",\"name\":\"Kenneth Rainin Foundation: Turning Points\",\"description\":\"The Year in Review\",\"publisher\":{\"@id\":\"https:\\\/\\\/krfoundation.org\\\/year-in-review\\\/#organization\"},\"potentialAction\":[{\"@type\":\"SearchAction\",\"target\":{\"@type\":\"EntryPoint\",\"urlTemplate\":\"https:\\\/\\\/krfoundation.org\\\/year-in-review\\\/?s={search_term_string}\"},\"query-input\":{\"@type\":\"PropertyValueSpecification\",\"valueRequired\":true,\"valueName\":\"search_term_string\"}}],\"inLanguage\":\"en-US\"},{\"@type\":\"Organization\",\"@id\":\"https:\\\/\\\/krfoundation.org\\\/year-in-review\\\/#organization\",\"name\":\"Kenneth Rainin Foundation: Turning Points\",\"url\":\"https:\\\/\\\/krfoundation.org\\\/year-in-review\\\/\",\"logo\":{\"@type\":\"ImageObject\",\"inLanguage\":\"en-US\",\"@id\":\"https:\\\/\\\/krfoundation.org\\\/year-in-review\\\/#\\\/schema\\\/logo\\\/image\\\/\",\"url\":\"https:\\\/\\\/krfoundation.org\\\/year-in-review\\\/wp-content\\\/uploads\\\/sites\\\/2\\\/Kenneth-Rainin-Foundation.png\",\"contentUrl\":\"https:\\\/\\\/krfoundation.org\\\/year-in-review\\\/wp-content\\\/uploads\\\/sites\\\/2\\\/Kenneth-Rainin-Foundation.png\",\"width\":1200,\"height\":675,\"caption\":\"Kenneth Rainin Foundation: Turning Points\"},\"image\":{\"@id\":\"https:\\\/\\\/krfoundation.org\\\/year-in-review\\\/#\\\/schema\\\/logo\\\/image\\\/\"},\"sameAs\":[\"https:\\\/\\\/www.facebook.com\\\/kennethraininfoundation\\\/\",\"https:\\\/\\\/x.com\\\/kr_foundation\"]}]}<\/script>\n<!-- \/ Yoast SEO plugin. -->","yoast_head_json":{"title":"Kenneth Rainin Foundation - Turning Points: 2017","description":"Read about how we invested in the Bay Area arts community in 2017","robots":{"index":"index","follow":"follow","max-snippet":"max-snippet:-1","max-image-preview":"max-image-preview:large","max-video-preview":"max-video-preview:-1"},"canonical":"https:\/\/krfoundation.org\/year-in-review\/tp2017\/arts\/","og_locale":"en_US","og_type":"article","og_title":"Turning Points 2017 - Arts","og_description":"Read about how we invested in the Bay Area arts community in 2017","og_url":"https:\/\/krfoundation.org\/year-in-review\/tp2017\/arts\/","og_site_name":"Kenneth Rainin Foundation: Turning Points","article_publisher":"https:\/\/www.facebook.com\/kennethraininfoundation\/","og_image":[{"width":1200,"height":675,"url":"https:\/\/krfoundation.org\/year-in-review\/wp-content\/uploads\/sites\/2\/TurningPoints2022-web.jpg","type":"image\/jpeg"}],"twitter_card":"summary_large_image","twitter_title":"Turning Points 2017 - Arts","twitter_description":"Read about how we invested in the Bay Area arts community in 2017","twitter_image":"http:\/\/krfoundation.org\/year-in-review\/wp-content\/uploads\/AxisDance_1080_635.jpg","twitter_site":"@kr_foundation","twitter_misc":{"Est. reading time":"38 minutes"},"schema":{"@context":"https:\/\/schema.org","@graph":[{"@type":"WebPage","@id":"https:\/\/krfoundation.org\/year-in-review\/tp2017\/arts\/","url":"https:\/\/krfoundation.org\/year-in-review\/tp2017\/arts\/","name":"Kenneth Rainin Foundation - Turning Points: 2017","isPartOf":{"@id":"https:\/\/krfoundation.org\/year-in-review\/#website"},"primaryImageOfPage":{"@id":"https:\/\/krfoundation.org\/year-in-review\/tp2017\/arts\/#primaryimage"},"image":{"@id":"https:\/\/krfoundation.org\/year-in-review\/tp2017\/arts\/#primaryimage"},"thumbnailUrl":"http:\/\/krfoundation.org\/year-in-review\/wp-content\/uploads\/sites\/2\/icon_building.png","datePublished":"2018-02-22T23:13:38+00:00","description":"Read about how we invested in the Bay Area arts community in 2017","breadcrumb":{"@id":"https:\/\/krfoundation.org\/year-in-review\/tp2017\/arts\/#breadcrumb"},"inLanguage":"en-US","potentialAction":[{"@type":"ReadAction","target":["https:\/\/krfoundation.org\/year-in-review\/tp2017\/arts\/"]}]},{"@type":"ImageObject","inLanguage":"en-US","@id":"https:\/\/krfoundation.org\/year-in-review\/tp2017\/arts\/#primaryimage","url":"https:\/\/krfoundation.org\/year-in-review\/wp-content\/uploads\/sites\/2\/icon_building.png","contentUrl":"https:\/\/krfoundation.org\/year-in-review\/wp-content\/uploads\/sites\/2\/icon_building.png","width":100,"height":100},{"@type":"BreadcrumbList","@id":"https:\/\/krfoundation.org\/year-in-review\/tp2017\/arts\/#breadcrumb","itemListElement":[{"@type":"ListItem","position":1,"name":"Home","item":"https:\/\/krfoundation.org\/year-in-review\/"},{"@type":"ListItem","position":2,"name":"Turning Points 2017","item":"https:\/\/krfoundation.org\/year-in-review\/tp2017\/"},{"@type":"ListItem","position":3,"name":"Arts"}]},{"@type":"WebSite","@id":"https:\/\/krfoundation.org\/year-in-review\/#website","url":"https:\/\/krfoundation.org\/year-in-review\/","name":"Kenneth Rainin Foundation: Turning Points","description":"The Year in Review","publisher":{"@id":"https:\/\/krfoundation.org\/year-in-review\/#organization"},"potentialAction":[{"@type":"SearchAction","target":{"@type":"EntryPoint","urlTemplate":"https:\/\/krfoundation.org\/year-in-review\/?s={search_term_string}"},"query-input":{"@type":"PropertyValueSpecification","valueRequired":true,"valueName":"search_term_string"}}],"inLanguage":"en-US"},{"@type":"Organization","@id":"https:\/\/krfoundation.org\/year-in-review\/#organization","name":"Kenneth Rainin Foundation: Turning Points","url":"https:\/\/krfoundation.org\/year-in-review\/","logo":{"@type":"ImageObject","inLanguage":"en-US","@id":"https:\/\/krfoundation.org\/year-in-review\/#\/schema\/logo\/image\/","url":"https:\/\/krfoundation.org\/year-in-review\/wp-content\/uploads\/sites\/2\/Kenneth-Rainin-Foundation.png","contentUrl":"https:\/\/krfoundation.org\/year-in-review\/wp-content\/uploads\/sites\/2\/Kenneth-Rainin-Foundation.png","width":1200,"height":675,"caption":"Kenneth Rainin Foundation: Turning Points"},"image":{"@id":"https:\/\/krfoundation.org\/year-in-review\/#\/schema\/logo\/image\/"},"sameAs":["https:\/\/www.facebook.com\/kennethraininfoundation\/","https:\/\/x.com\/kr_foundation"]}]}},"_links":{"self":[{"href":"https:\/\/krfoundation.org\/year-in-review\/wp-json\/wp\/v2\/pages\/1093","targetHints":{"allow":["GET"]}}],"collection":[{"href":"https:\/\/krfoundation.org\/year-in-review\/wp-json\/wp\/v2\/pages"}],"about":[{"href":"https:\/\/krfoundation.org\/year-in-review\/wp-json\/wp\/v2\/types\/page"}],"author":[{"embeddable":true,"href":"https:\/\/krfoundation.org\/year-in-review\/wp-json\/wp\/v2\/users\/1"}],"replies":[{"embeddable":true,"href":"https:\/\/krfoundation.org\/year-in-review\/wp-json\/wp\/v2\/comments?post=1093"}],"version-history":[{"count":0,"href":"https:\/\/krfoundation.org\/year-in-review\/wp-json\/wp\/v2\/pages\/1093\/revisions"}],"up":[{"embeddable":true,"href":"https:\/\/krfoundation.org\/year-in-review\/wp-json\/wp\/v2\/pages\/1091"}],"wp:attachment":[{"href":"https:\/\/krfoundation.org\/year-in-review\/wp-json\/wp\/v2\/media?parent=1093"}],"curies":[{"name":"wp","href":"https:\/\/api.w.org\/{rel}","templated":true}]}}